{"version":"1.0","provider_name":"II Liceum Og\u00f3lnokszta\u0142c\u0105ce w Lubinie","provider_url":"https:\/\/2liceum.eu","title":"Zako\u0144czenie tygodnia \"Witaj Niepodleg\u0142a!\" w II LO! - II Liceum Og\u00f3lnokszta\u0142c\u0105ce w Lubinie","type":"rich","width":600,"height":338,"html":"<blockquote class=\"wp-embedded-content\" data-secret=\"K9APkJO4AG\"><a href=\"https:\/\/2liceum.eu\/index.php\/2018\/11\/09\/zakonczenie-tygodnia-witaj-niepodlegla-w-ii-lo\/\">Zako\u0144czenie tygodnia &#8222;Witaj Niepodleg\u0142a!&#8221; w II LO!<\/a><\/blockquote><iframe sandbox=\"allow-scripts\" security=\"restricted\" src=\"https:\/\/2liceum.eu\/index.php\/2018\/11\/09\/zakonczenie-tygodnia-witaj-niepodlegla-w-ii-lo\/embed\/#?secret=K9APkJO4AG\" width=\"600\" height=\"338\" title=\"&#8222;Zako\u0144czenie tygodnia &#8222;Witaj Niepodleg\u0142a!&#8221; w II LO!&#8221; &#8212; II Liceum Og\u00f3lnokszta\u0142c\u0105ce w Lubinie\" data-secret=\"K9APkJO4AG\" frameborder=\"0\" marginwidth=\"0\" marginheight=\"0\" scrolling=\"no\" class=\"wp-embedded-content\"><\/iframe><script type=\"text\/javascript\">\n\/* <![CDATA[ *\/\n\/*! This file is auto-generated *\/\n!function(d,l){\"use strict\";l.querySelector&&d.addEventListener&&\"undefined\"!=typeof URL&&(d.wp=d.wp||{},d.wp.receiveEmbedMessage||(d.wp.receiveEmbedMessage=function(e){var t=e.data;if((t||t.secret||t.message||t.value)&&!\/[^a-zA-Z0-9]\/.test(t.secret)){for(var s,r,n,a=l.querySelectorAll('iframe[data-secret=\"'+t.secret+'\"]'),o=l.querySelectorAll('blockquote[data-secret=\"'+t.secret+'\"]'),c=new RegExp(\"^https?:$\",\"i\"),i=0;i<o.length;i++)o[i].style.display=\"none\";for(i=0;i<a.length;i++)s=a[i],e.source===s.contentWindow&&(s.removeAttribute(\"style\"),\"height\"===t.message?(1e3<(r=parseInt(t.value,10))?r=1e3:~~r<200&&(r=200),s.height=r):\"link\"===t.message&&(r=new URL(s.getAttribute(\"src\")),n=new URL(t.value),c.test(n.protocol))&&n.host===r.host&&l.activeElement===s&&(d.top.location.href=t.value))}},d.addEventListener(\"message\",d.wp.receiveEmbedMessage,!1),l.addEventListener(\"DOMContentLoaded\",function(){for(var e,t,s=l.querySelectorAll(\"iframe.wp-embedded-content\"),r=0;r<s.length;r++)(t=(e=s[r]).getAttribute(\"data-secret\"))||(t=Math.random().toString(36).substring(2,12),e.src+=\"#?secret=\"+t,e.setAttribute(\"data-secret\",t)),e.contentWindow.postMessage({message:\"ready\",secret:t},\"*\")},!1)))}(window,document);\n\/\/# sourceURL=https:\/\/2liceum.eu\/wp-includes\/js\/wp-embed.min.js\n\/* ]]> *\/\n<\/script>\n","description":"W dniu dzisiejszym II LO w Lubinie podsumowa\u0142o ca\u0142y tydzie\u0144 wydarze\u0144 maj\u0105cych na celu upami\u0119tni\u0107 100-lecie polskiej niepodleg\u0142o\u015bci. W poprzednich dniach mia\u0142y miejsce m.in. wyk\u0142ad prof. W\u0142odzimierza Sulei, akcja krwiodawstwa \u201eKrew dla Niepodleg\u0142ej\u201d, konkurs historyczny, wystawa \u201e\u017bo\u0142nierze Niepodleg\u0142ej\u201d i spotkanie z kombatantem mjr Zygmuntem P\u0119ka\u0142\u0105 (AK Lublin, \u201e\u015amia\u0142y\u201d, \u201eSmuk\u0142y\u201d). Dzi\u015b w hali sportowej liceum, o [&hellip;]","thumbnail_url":"https:\/\/2liceum.eu\/wp-content\/uploads\/sites\/1\/nggallery\/zakonczenie-tygodnia-witaj-niepodlegla\/thumbs\/thumbs_DSC_5138s.JPG"}