{"version":"1.0","provider_name":"II Liceum Og\u00f3lnokszta\u0142c\u0105ce w Lubinie","provider_url":"https:\/\/2liceum.eu","title":"\"Dw\u00f3jkowe Spotkanie\" z dr Natali\u0105 Krej! - II Liceum Og\u00f3lnokszta\u0142c\u0105ce w Lubinie","type":"rich","width":600,"height":338,"html":"<blockquote class=\"wp-embedded-content\" data-secret=\"LglczVAQdC\"><a href=\"https:\/\/2liceum.eu\/index.php\/2021\/11\/03\/dwojkowe-spotkanie-z-dr-natalia-krej\/\">&#8222;Dw\u00f3jkowe Spotkanie&#8221; z dr Natali\u0105 Krej!<\/a><\/blockquote><iframe sandbox=\"allow-scripts\" security=\"restricted\" src=\"https:\/\/2liceum.eu\/index.php\/2021\/11\/03\/dwojkowe-spotkanie-z-dr-natalia-krej\/embed\/#?secret=LglczVAQdC\" width=\"600\" height=\"338\" title=\"&#8222;&#8222;Dw\u00f3jkowe Spotkanie&#8221; z dr Natali\u0105 Krej!&#8221; &#8212; II Liceum Og\u00f3lnokszta\u0142c\u0105ce w Lubinie\" data-secret=\"LglczVAQdC\" frameborder=\"0\" marginwidth=\"0\" marginheight=\"0\" scrolling=\"no\" class=\"wp-embedded-content\"><\/iframe><script type=\"text\/javascript\">\n\/* <![CDATA[ *\/\n\/*! This file is auto-generated *\/\n!function(d,l){\"use strict\";l.querySelector&&d.addEventListener&&\"undefined\"!=typeof URL&&(d.wp=d.wp||{},d.wp.receiveEmbedMessage||(d.wp.receiveEmbedMessage=function(e){var t=e.data;if((t||t.secret||t.message||t.value)&&!\/[^a-zA-Z0-9]\/.test(t.secret)){for(var s,r,n,a=l.querySelectorAll('iframe[data-secret=\"'+t.secret+'\"]'),o=l.querySelectorAll('blockquote[data-secret=\"'+t.secret+'\"]'),c=new RegExp(\"^https?:$\",\"i\"),i=0;i<o.length;i++)o[i].style.display=\"none\";for(i=0;i<a.length;i++)s=a[i],e.source===s.contentWindow&&(s.removeAttribute(\"style\"),\"height\"===t.message?(1e3<(r=parseInt(t.value,10))?r=1e3:~~r<200&&(r=200),s.height=r):\"link\"===t.message&&(r=new URL(s.getAttribute(\"src\")),n=new URL(t.value),c.test(n.protocol))&&n.host===r.host&&l.activeElement===s&&(d.top.location.href=t.value))}},d.addEventListener(\"message\",d.wp.receiveEmbedMessage,!1),l.addEventListener(\"DOMContentLoaded\",function(){for(var e,t,s=l.querySelectorAll(\"iframe.wp-embedded-content\"),r=0;r<s.length;r++)(t=(e=s[r]).getAttribute(\"data-secret\"))||(t=Math.random().toString(36).substring(2,12),e.src+=\"#?secret=\"+t,e.setAttribute(\"data-secret\",t)),e.contentWindow.postMessage({message:\"ready\",secret:t},\"*\")},!1)))}(window,document);\n\/\/# sourceURL=https:\/\/2liceum.eu\/wp-includes\/js\/wp-embed.min.js\n\/* ]]> *\/\n<\/script>\n","description":"W \u015brod\u0119 27.10, w naszej szkole odby\u0142o si\u0119 spotkanie z dr Natali\u0105 Krej, kt\u00f3ra wprowadzi\u0142a klasy humanistyczne w \u015bwiat prawa. Pani Natalia Krej jest absolwentk\u0105 naszego liceum, doktorem nauk prawnych, wyk\u0142adowc\u0105 nauk prawnych w Wy\u017cszej Szkole Handlowej oraz zajmuje si\u0119 prowadzeniem w\u0142asnej Kancelarii prawnej we Wroc\u0142awiu. Specjalizuje si\u0119 w obs\u0142udze prawnej: sp\u00f3\u0142ek prawa handlowego prawie [&hellip;]","thumbnail_url":"https:\/\/2liceum.eu\/wp-content\/uploads\/sites\/1\/nggallery\/dwojkowe-spotkanie-dr-natalia-krej\/thumbs\/thumbs_4g-Kopiowanie.JPG"}