{"version":"1.0","provider_name":"II Liceum Og\u00f3lnokszta\u0142c\u0105ce w Lubinie","provider_url":"https:\/\/2liceum.eu","title":"II LO w Capitolu! - II Liceum Og\u00f3lnokszta\u0142c\u0105ce w Lubinie","type":"rich","width":600,"height":338,"html":"<blockquote class=\"wp-embedded-content\" data-secret=\"oG6JxAcygN\"><a href=\"https:\/\/2liceum.eu\/index.php\/2022\/03\/07\/ii-lo-w-capitolu\/\">II LO w Capitolu!<\/a><\/blockquote><iframe sandbox=\"allow-scripts\" security=\"restricted\" src=\"https:\/\/2liceum.eu\/index.php\/2022\/03\/07\/ii-lo-w-capitolu\/embed\/#?secret=oG6JxAcygN\" width=\"600\" height=\"338\" title=\"&#8222;II LO w Capitolu!&#8221; &#8212; II Liceum Og\u00f3lnokszta\u0142c\u0105ce w Lubinie\" data-secret=\"oG6JxAcygN\" frameborder=\"0\" marginwidth=\"0\" marginheight=\"0\" scrolling=\"no\" class=\"wp-embedded-content\"><\/iframe><script type=\"text\/javascript\">\n\/* <![CDATA[ *\/\n\/*! This file is auto-generated *\/\n!function(d,l){\"use strict\";l.querySelector&&d.addEventListener&&\"undefined\"!=typeof URL&&(d.wp=d.wp||{},d.wp.receiveEmbedMessage||(d.wp.receiveEmbedMessage=function(e){var t=e.data;if((t||t.secret||t.message||t.value)&&!\/[^a-zA-Z0-9]\/.test(t.secret)){for(var s,r,n,a=l.querySelectorAll('iframe[data-secret=\"'+t.secret+'\"]'),o=l.querySelectorAll('blockquote[data-secret=\"'+t.secret+'\"]'),c=new RegExp(\"^https?:$\",\"i\"),i=0;i<o.length;i++)o[i].style.display=\"none\";for(i=0;i<a.length;i++)s=a[i],e.source===s.contentWindow&&(s.removeAttribute(\"style\"),\"height\"===t.message?(1e3<(r=parseInt(t.value,10))?r=1e3:~~r<200&&(r=200),s.height=r):\"link\"===t.message&&(r=new URL(s.getAttribute(\"src\")),n=new URL(t.value),c.test(n.protocol))&&n.host===r.host&&l.activeElement===s&&(d.top.location.href=t.value))}},d.addEventListener(\"message\",d.wp.receiveEmbedMessage,!1),l.addEventListener(\"DOMContentLoaded\",function(){for(var e,t,s=l.querySelectorAll(\"iframe.wp-embedded-content\"),r=0;r<s.length;r++)(t=(e=s[r]).getAttribute(\"data-secret\"))||(t=Math.random().toString(36).substring(2,12),e.src+=\"#?secret=\"+t,e.setAttribute(\"data-secret\",t)),e.contentWindow.postMessage({message:\"ready\",secret:t},\"*\")},!1)))}(window,document);\n\/\/# sourceURL=https:\/\/2liceum.eu\/wp-includes\/js\/wp-embed.min.js\n\/* ]]> *\/\n<\/script>\n","description":"&nbsp; &nbsp; Czwartkowy wiecz\u00f3r z &#8222;Mistrzem i Ma\u0142gorzat\u0105&#8221; w Teatrze Muzycznym Capitol to poruszaj\u0105ce spotkanie z literatur\u0105, ta\u0144cem, muzyk\u0105 i aktorskim kunsztem. &nbsp; Powie\u015b\u0107 Michai\u0142a Bu\u0142hakowa, jak\u017ce dzi\u015b aktualna, budzi refleksj\u0119 nad \u017cr\u00f3d\u0142em z\u0142a, powoduj\u0105cego zam\u0119t i zniszczenie, ale te\u017c zostawia nadziej\u0119, \u017ce istnieje si\u0142a pot\u0119\u017cniejsza od nienawi\u015bci- prawdziwa i bezinteresowna mi\u0142o\u015b\u0107. &nbsp; Cieszymy si\u0119, [&hellip;]","thumbnail_url":"https:\/\/2liceum.eu\/wp-content\/uploads\/2022\/03\/275107632_5045774802145739_642426441695963905_n.jpg"}