{"version":"1.0","provider_name":"II Liceum Og\u00f3lnokszta\u0142c\u0105ce w Lubinie","provider_url":"https:\/\/2liceum.eu","title":"Komunikatywny Europejczyk! - II Liceum Og\u00f3lnokszta\u0142c\u0105ce w Lubinie","type":"rich","width":600,"height":338,"html":"<blockquote class=\"wp-embedded-content\" data-secret=\"79CCmBvu1I\"><a href=\"https:\/\/2liceum.eu\/index.php\/2022\/03\/18\/komunikatywny-europejczyk-3\/\">Komunikatywny Europejczyk!<\/a><\/blockquote><iframe sandbox=\"allow-scripts\" security=\"restricted\" src=\"https:\/\/2liceum.eu\/index.php\/2022\/03\/18\/komunikatywny-europejczyk-3\/embed\/#?secret=79CCmBvu1I\" width=\"600\" height=\"338\" title=\"&#8222;Komunikatywny Europejczyk!&#8221; &#8212; II Liceum Og\u00f3lnokszta\u0142c\u0105ce w Lubinie\" data-secret=\"79CCmBvu1I\" frameborder=\"0\" marginwidth=\"0\" marginheight=\"0\" scrolling=\"no\" class=\"wp-embedded-content\"><\/iframe><script type=\"text\/javascript\">\n\/* <![CDATA[ *\/\n\/*! This file is auto-generated *\/\n!function(d,l){\"use strict\";l.querySelector&&d.addEventListener&&\"undefined\"!=typeof URL&&(d.wp=d.wp||{},d.wp.receiveEmbedMessage||(d.wp.receiveEmbedMessage=function(e){var t=e.data;if((t||t.secret||t.message||t.value)&&!\/[^a-zA-Z0-9]\/.test(t.secret)){for(var s,r,n,a=l.querySelectorAll('iframe[data-secret=\"'+t.secret+'\"]'),o=l.querySelectorAll('blockquote[data-secret=\"'+t.secret+'\"]'),c=new RegExp(\"^https?:$\",\"i\"),i=0;i<o.length;i++)o[i].style.display=\"none\";for(i=0;i<a.length;i++)s=a[i],e.source===s.contentWindow&&(s.removeAttribute(\"style\"),\"height\"===t.message?(1e3<(r=parseInt(t.value,10))?r=1e3:~~r<200&&(r=200),s.height=r):\"link\"===t.message&&(r=new URL(s.getAttribute(\"src\")),n=new URL(t.value),c.test(n.protocol))&&n.host===r.host&&l.activeElement===s&&(d.top.location.href=t.value))}},d.addEventListener(\"message\",d.wp.receiveEmbedMessage,!1),l.addEventListener(\"DOMContentLoaded\",function(){for(var e,t,s=l.querySelectorAll(\"iframe.wp-embedded-content\"),r=0;r<s.length;r++)(t=(e=s[r]).getAttribute(\"data-secret\"))||(t=Math.random().toString(36).substring(2,12),e.src+=\"#?secret=\"+t,e.setAttribute(\"data-secret\",t)),e.contentWindow.postMessage({message:\"ready\",secret:t},\"*\")},!1)))}(window,document);\n\/\/# sourceURL=https:\/\/2liceum.eu\/wp-includes\/js\/wp-embed.min.js\n\/* ]]> *\/\n<\/script>\n","description":"&nbsp; &nbsp; W \u015brod\u0119 16 marca w naszym Liceum ju\u017c po raz trzynasty go\u015bcili\u015bmy utalentowanych j\u0119zykowo uczni\u00f3w z naszego rejonu. 78 os\u00f3b zn\u00f3w walczy\u0142o o tytu\u0142 \u201eKomunikatywnego Europejczyka\u201d. Dwuj\u0119zyczny konkurs stworzony i przygotowywany przez nauczycieli j\u0119zyk\u00f3w obcych II LO cieszy si\u0119 coraz wi\u0119ksz\u0105 popularno\u015bci\u0105. Opr\u00f3cz satysfakcji i nagr\u00f3d zwyci\u0119zcy w kategorii szk\u00f3\u0142 podstawowych mog\u0105 liczy\u0107 [&hellip;]","thumbnail_url":"https:\/\/2liceum.eu\/wp-content\/uploads\/2022\/03\/275939105_5081907978532421_3291258558044428481_n-1024x768.jpg"}