{"version":"1.0","provider_name":"II Liceum Og\u00f3lnokszta\u0142c\u0105ce w Lubinie","provider_url":"https:\/\/2liceum.eu","title":"Grupa terapeutyczno - rozwojowa! - II Liceum Og\u00f3lnokszta\u0142c\u0105ce w Lubinie","type":"rich","width":600,"height":338,"html":"<blockquote class=\"wp-embedded-content\" data-secret=\"hbkiScfevf\"><a href=\"https:\/\/2liceum.eu\/index.php\/2022\/04\/27\/grupa-terapeutyczno-rozwojowa\/\">Grupa terapeutyczno &#8211; rozwojowa!<\/a><\/blockquote><iframe sandbox=\"allow-scripts\" security=\"restricted\" src=\"https:\/\/2liceum.eu\/index.php\/2022\/04\/27\/grupa-terapeutyczno-rozwojowa\/embed\/#?secret=hbkiScfevf\" width=\"600\" height=\"338\" title=\"&#8222;Grupa terapeutyczno &#8211; rozwojowa!&#8221; &#8212; II Liceum Og\u00f3lnokszta\u0142c\u0105ce w Lubinie\" data-secret=\"hbkiScfevf\" frameborder=\"0\" marginwidth=\"0\" marginheight=\"0\" scrolling=\"no\" class=\"wp-embedded-content\"><\/iframe><script type=\"text\/javascript\">\n\/* <![CDATA[ *\/\n\/*! This file is auto-generated *\/\n!function(d,l){\"use strict\";l.querySelector&&d.addEventListener&&\"undefined\"!=typeof URL&&(d.wp=d.wp||{},d.wp.receiveEmbedMessage||(d.wp.receiveEmbedMessage=function(e){var t=e.data;if((t||t.secret||t.message||t.value)&&!\/[^a-zA-Z0-9]\/.test(t.secret)){for(var s,r,n,a=l.querySelectorAll('iframe[data-secret=\"'+t.secret+'\"]'),o=l.querySelectorAll('blockquote[data-secret=\"'+t.secret+'\"]'),c=new RegExp(\"^https?:$\",\"i\"),i=0;i<o.length;i++)o[i].style.display=\"none\";for(i=0;i<a.length;i++)s=a[i],e.source===s.contentWindow&&(s.removeAttribute(\"style\"),\"height\"===t.message?(1e3<(r=parseInt(t.value,10))?r=1e3:~~r<200&&(r=200),s.height=r):\"link\"===t.message&&(r=new URL(s.getAttribute(\"src\")),n=new URL(t.value),c.test(n.protocol))&&n.host===r.host&&l.activeElement===s&&(d.top.location.href=t.value))}},d.addEventListener(\"message\",d.wp.receiveEmbedMessage,!1),l.addEventListener(\"DOMContentLoaded\",function(){for(var e,t,s=l.querySelectorAll(\"iframe.wp-embedded-content\"),r=0;r<s.length;r++)(t=(e=s[r]).getAttribute(\"data-secret\"))||(t=Math.random().toString(36).substring(2,12),e.src+=\"#?secret=\"+t,e.setAttribute(\"data-secret\",t)),e.contentWindow.postMessage({message:\"ready\",secret:t},\"*\")},!1)))}(window,document);\n\/\/# sourceURL=https:\/\/2liceum.eu\/wp-includes\/js\/wp-embed.min.js\n\/* ]]> *\/\n<\/script>\n","description":"&nbsp; &nbsp; Od maja rusza grupa terapeutyczno \u2013 rozwojowa dla m\u0142odzie\u017cy. Grupa b\u0119dzie mia\u0142a charakter zamkni\u0119ty. Poprowadzi j\u0105 Anna \u015al\u0119czek \u2013 psycholog i psychoterapeuta wraz z kooterapeut\u0105. Dzi\u0119ki wsparciu Fundacji KGHM udzia\u0142 w grupie jest bezp\u0142atny. Przesy\u0142amy t\u0119 informacj\u0119. Z uwagi na fakt, \u017ce cele naszych organizacji w obszarze zapewnienia wsparcia dzieci i m\u0142odzie\u017cy s\u0105 [&hellip;]","thumbnail_url":"https:\/\/2liceum.eu\/wp-content\/uploads\/2022\/04\/Screenshot_20220427_115921.jpg"}