{"version":"1.0","provider_name":"II Liceum Og\u00f3lnokszta\u0142c\u0105ce w Lubinie","provider_url":"https:\/\/2liceum.eu","title":"Szekspirowskie wied\u017amy w klasie2d! - II Liceum Og\u00f3lnokszta\u0142c\u0105ce w Lubinie","type":"rich","width":600,"height":338,"html":"<blockquote class=\"wp-embedded-content\" data-secret=\"AFpPtu4aD8\"><a href=\"https:\/\/2liceum.eu\/index.php\/2023\/11\/03\/szekspirowskie-wiedzmy-w-klasie2d\/\">Szekspirowskie wied\u017amy w klasie2d!<\/a><\/blockquote><iframe sandbox=\"allow-scripts\" security=\"restricted\" src=\"https:\/\/2liceum.eu\/index.php\/2023\/11\/03\/szekspirowskie-wiedzmy-w-klasie2d\/embed\/#?secret=AFpPtu4aD8\" width=\"600\" height=\"338\" title=\"&#8222;Szekspirowskie wied\u017amy w klasie2d!&#8221; &#8212; II Liceum Og\u00f3lnokszta\u0142c\u0105ce w Lubinie\" data-secret=\"AFpPtu4aD8\" frameborder=\"0\" marginwidth=\"0\" marginheight=\"0\" scrolling=\"no\" class=\"wp-embedded-content\"><\/iframe><script type=\"text\/javascript\">\n\/* <![CDATA[ *\/\n\/*! This file is auto-generated *\/\n!function(d,l){\"use strict\";l.querySelector&&d.addEventListener&&\"undefined\"!=typeof URL&&(d.wp=d.wp||{},d.wp.receiveEmbedMessage||(d.wp.receiveEmbedMessage=function(e){var t=e.data;if((t||t.secret||t.message||t.value)&&!\/[^a-zA-Z0-9]\/.test(t.secret)){for(var s,r,n,a=l.querySelectorAll('iframe[data-secret=\"'+t.secret+'\"]'),o=l.querySelectorAll('blockquote[data-secret=\"'+t.secret+'\"]'),c=new RegExp(\"^https?:$\",\"i\"),i=0;i<o.length;i++)o[i].style.display=\"none\";for(i=0;i<a.length;i++)s=a[i],e.source===s.contentWindow&&(s.removeAttribute(\"style\"),\"height\"===t.message?(1e3<(r=parseInt(t.value,10))?r=1e3:~~r<200&&(r=200),s.height=r):\"link\"===t.message&&(r=new URL(s.getAttribute(\"src\")),n=new URL(t.value),c.test(n.protocol))&&n.host===r.host&&l.activeElement===s&&(d.top.location.href=t.value))}},d.addEventListener(\"message\",d.wp.receiveEmbedMessage,!1),l.addEventListener(\"DOMContentLoaded\",function(){for(var e,t,s=l.querySelectorAll(\"iframe.wp-embedded-content\"),r=0;r<s.length;r++)(t=(e=s[r]).getAttribute(\"data-secret\"))||(t=Math.random().toString(36).substring(2,12),e.src+=\"#?secret=\"+t,e.setAttribute(\"data-secret\",t)),e.contentWindow.postMessage({message:\"ready\",secret:t},\"*\")},!1)))}(window,document);\n\/\/# sourceURL=https:\/\/2liceum.eu\/wp-includes\/js\/wp-embed.min.js\n\/* ]]> *\/\n<\/script>\n","description":"W czwartek uczniowie klasy 2d zainspirowani istotami nale\u017c\u0105cymi do \u015bwiata makbetowskiej fantastyki przedstawili na lekcjach j\u0119zyka polskiego swoje wizje realizacji z\u0142a we wsp\u00f3\u0142czesnym \u015bwiecie. Obejrzeli\u015bmy projekty o\u015bmiu grup. Ka\u017cdy zaskakiwa\u0142 oryginalno\u015bci\u0105, tw\u00f3rczym i krytycznym rozumieniem przeznaczenia oraz funkcjonowania z\u0142a wok\u00f3\u0142 nas. Jedna z grup zrealizowa\u0142a film anonimowany, wymagaj\u0105cy czternastu godzin pracy. &nbsp; Pani Profesor Ewelina [&hellip;]","thumbnail_url":"https:\/\/2liceum.eu\/wp-content\/uploads\/sites\/1\/nggallery\/szekspirowskie-wiedzmy-w-2d\/thumbs\/thumbs_IMG_9335.jpg"}