{"version":"1.0","provider_name":"II Liceum Og\u00f3lnokszta\u0142c\u0105ce w Lubinie","provider_url":"https:\/\/2liceum.eu","title":"Wycieczka 2B do Wroc\u0142awia! - II Liceum Og\u00f3lnokszta\u0142c\u0105ce w Lubinie","type":"rich","width":600,"height":338,"html":"<blockquote class=\"wp-embedded-content\" data-secret=\"kOFzo33NOP\"><a href=\"https:\/\/2liceum.eu\/index.php\/2023\/11\/27\/wycieczka-2b-do-wroclawia\/\">Wycieczka 2B do Wroc\u0142awia!<\/a><\/blockquote><iframe sandbox=\"allow-scripts\" security=\"restricted\" src=\"https:\/\/2liceum.eu\/index.php\/2023\/11\/27\/wycieczka-2b-do-wroclawia\/embed\/#?secret=kOFzo33NOP\" width=\"600\" height=\"338\" title=\"&#8222;Wycieczka 2B do Wroc\u0142awia!&#8221; &#8212; II Liceum Og\u00f3lnokszta\u0142c\u0105ce w Lubinie\" data-secret=\"kOFzo33NOP\" frameborder=\"0\" marginwidth=\"0\" marginheight=\"0\" scrolling=\"no\" class=\"wp-embedded-content\"><\/iframe><script type=\"text\/javascript\">\n\/* <![CDATA[ *\/\n\/*! This file is auto-generated *\/\n!function(d,l){\"use strict\";l.querySelector&&d.addEventListener&&\"undefined\"!=typeof URL&&(d.wp=d.wp||{},d.wp.receiveEmbedMessage||(d.wp.receiveEmbedMessage=function(e){var t=e.data;if((t||t.secret||t.message||t.value)&&!\/[^a-zA-Z0-9]\/.test(t.secret)){for(var s,r,n,a=l.querySelectorAll('iframe[data-secret=\"'+t.secret+'\"]'),o=l.querySelectorAll('blockquote[data-secret=\"'+t.secret+'\"]'),c=new RegExp(\"^https?:$\",\"i\"),i=0;i<o.length;i++)o[i].style.display=\"none\";for(i=0;i<a.length;i++)s=a[i],e.source===s.contentWindow&&(s.removeAttribute(\"style\"),\"height\"===t.message?(1e3<(r=parseInt(t.value,10))?r=1e3:~~r<200&&(r=200),s.height=r):\"link\"===t.message&&(r=new URL(s.getAttribute(\"src\")),n=new URL(t.value),c.test(n.protocol))&&n.host===r.host&&l.activeElement===s&&(d.top.location.href=t.value))}},d.addEventListener(\"message\",d.wp.receiveEmbedMessage,!1),l.addEventListener(\"DOMContentLoaded\",function(){for(var e,t,s=l.querySelectorAll(\"iframe.wp-embedded-content\"),r=0;r<s.length;r++)(t=(e=s[r]).getAttribute(\"data-secret\"))||(t=Math.random().toString(36).substring(2,12),e.src+=\"#?secret=\"+t,e.setAttribute(\"data-secret\",t)),e.contentWindow.postMessage({message:\"ready\",secret:t},\"*\")},!1)))}(window,document);\n\/\/# sourceURL=https:\/\/2liceum.eu\/wp-includes\/js\/wp-embed.min.js\n\/* ]]> *\/\n<\/script>\n","description":"&nbsp; W dniu 23 listopada 2023 roku uczniowie klasy 2b wraz z p. Ryszardem Techma\u0144skim, p. Olg\u0105 St\u0119pie\u0144 i p. dyrektorem Tomaszem Radziejem odbyli wycieczk\u0119 do Wroc\u0142awia na Uniwersytet Wroc\u0142awski na uroczyst\u0105 inauguracj\u0119 nowego roku akademickiego 2023\/2024 w Kolegium Mi\u0119dzydziedzinowych Studi\u00f3w Indywidualnych dla tych student\u00f3w, kt\u00f3rzy studiuj\u0105 na dw\u00f3ch lub wi\u0119cej kierunkach jednocze\u015bnie. &nbsp; Podr\u00f3\u017c [&hellip;]","thumbnail_url":"https:\/\/2liceum.eu\/wp-content\/uploads\/sites\/1\/nggallery\/inauguracja-roku-akademickiego-na-uwr\/1.jpg"}