{"version":"1.0","provider_name":"II Liceum Og\u00f3lnokszta\u0142c\u0105ce w Lubinie","provider_url":"https:\/\/2liceum.eu","title":"Przygoda z Erasmus+! - II Liceum Og\u00f3lnokszta\u0142c\u0105ce w Lubinie","type":"rich","width":600,"height":338,"html":"<blockquote class=\"wp-embedded-content\" data-secret=\"NLVk28ERej\"><a href=\"https:\/\/2liceum.eu\/index.php\/2024\/02\/21\/przygoda-z-erasmus\/\">Przygoda z Erasmus+!<\/a><\/blockquote><iframe sandbox=\"allow-scripts\" security=\"restricted\" src=\"https:\/\/2liceum.eu\/index.php\/2024\/02\/21\/przygoda-z-erasmus\/embed\/#?secret=NLVk28ERej\" width=\"600\" height=\"338\" title=\"&#8222;Przygoda z Erasmus+!&#8221; &#8212; II Liceum Og\u00f3lnokszta\u0142c\u0105ce w Lubinie\" data-secret=\"NLVk28ERej\" frameborder=\"0\" marginwidth=\"0\" marginheight=\"0\" scrolling=\"no\" class=\"wp-embedded-content\"><\/iframe><script type=\"text\/javascript\">\n\/* <![CDATA[ *\/\n\/*! This file is auto-generated *\/\n!function(d,l){\"use strict\";l.querySelector&&d.addEventListener&&\"undefined\"!=typeof URL&&(d.wp=d.wp||{},d.wp.receiveEmbedMessage||(d.wp.receiveEmbedMessage=function(e){var t=e.data;if((t||t.secret||t.message||t.value)&&!\/[^a-zA-Z0-9]\/.test(t.secret)){for(var s,r,n,a=l.querySelectorAll('iframe[data-secret=\"'+t.secret+'\"]'),o=l.querySelectorAll('blockquote[data-secret=\"'+t.secret+'\"]'),c=new RegExp(\"^https?:$\",\"i\"),i=0;i<o.length;i++)o[i].style.display=\"none\";for(i=0;i<a.length;i++)s=a[i],e.source===s.contentWindow&&(s.removeAttribute(\"style\"),\"height\"===t.message?(1e3<(r=parseInt(t.value,10))?r=1e3:~~r<200&&(r=200),s.height=r):\"link\"===t.message&&(r=new URL(s.getAttribute(\"src\")),n=new URL(t.value),c.test(n.protocol))&&n.host===r.host&&l.activeElement===s&&(d.top.location.href=t.value))}},d.addEventListener(\"message\",d.wp.receiveEmbedMessage,!1),l.addEventListener(\"DOMContentLoaded\",function(){for(var e,t,s=l.querySelectorAll(\"iframe.wp-embedded-content\"),r=0;r<s.length;r++)(t=(e=s[r]).getAttribute(\"data-secret\"))||(t=Math.random().toString(36).substring(2,12),e.src+=\"#?secret=\"+t,e.setAttribute(\"data-secret\",t)),e.contentWindow.postMessage({message:\"ready\",secret:t},\"*\")},!1)))}(window,document);\n\/\/# sourceURL=https:\/\/2liceum.eu\/wp-includes\/js\/wp-embed.min.js\n\/* ]]> *\/\n<\/script>\n","description":"W 2022 r. a dok\u0142adnie od 03.07. do 11.07. mia\u0142y\u015bmy przyjemno\u015b\u0107 po raz pierwszy uczestniczy\u0107 w programie Erasmus+. Wszystko mia\u0142o miejsce we Wroc\u0142awiu, gdzie jako polska grupa go\u015bcili\u015bmy uczestnik\u00f3w projektu z innych kraj\u00f3w. Tematem przewodnim by\u0142 sport, wi\u0119c ka\u017cdego dnia brali\u015bmy wsp\u00f3lnie udzia\u0142 w r\u00f3\u017cnych aktywno\u015bciach fizycznych typowych dla ka\u017cdego kraju. Od 10.07.2023 r. do [&hellip;]","thumbnail_url":"https:\/\/2liceum.eu\/wp-content\/uploads\/sites\/1\/nggallery\/erasmus\/received_1049952076283235.jpeg"}