{"version":"1.0","provider_name":"II Liceum Og\u00f3lnokszta\u0142c\u0105ce w Lubinie","provider_url":"https:\/\/2liceum.eu","title":"3e na wycieczce we Wroc\u0142awiu! - II Liceum Og\u00f3lnokszta\u0142c\u0105ce w Lubinie","type":"rich","width":600,"height":338,"html":"<blockquote class=\"wp-embedded-content\" data-secret=\"akZBu7m2qR\"><a href=\"https:\/\/2liceum.eu\/index.php\/2024\/06\/08\/3e-na-wycieczce-we-wroclawiu\/\">3e na wycieczce we Wroc\u0142awiu!<\/a><\/blockquote><iframe sandbox=\"allow-scripts\" security=\"restricted\" src=\"https:\/\/2liceum.eu\/index.php\/2024\/06\/08\/3e-na-wycieczce-we-wroclawiu\/embed\/#?secret=akZBu7m2qR\" width=\"600\" height=\"338\" title=\"&#8222;3e na wycieczce we Wroc\u0142awiu!&#8221; &#8212; II Liceum Og\u00f3lnokszta\u0142c\u0105ce w Lubinie\" data-secret=\"akZBu7m2qR\" frameborder=\"0\" marginwidth=\"0\" marginheight=\"0\" scrolling=\"no\" class=\"wp-embedded-content\"><\/iframe><script type=\"text\/javascript\">\n\/* <![CDATA[ *\/\n\/*! This file is auto-generated *\/\n!function(d,l){\"use strict\";l.querySelector&&d.addEventListener&&\"undefined\"!=typeof URL&&(d.wp=d.wp||{},d.wp.receiveEmbedMessage||(d.wp.receiveEmbedMessage=function(e){var t=e.data;if((t||t.secret||t.message||t.value)&&!\/[^a-zA-Z0-9]\/.test(t.secret)){for(var s,r,n,a=l.querySelectorAll('iframe[data-secret=\"'+t.secret+'\"]'),o=l.querySelectorAll('blockquote[data-secret=\"'+t.secret+'\"]'),c=new RegExp(\"^https?:$\",\"i\"),i=0;i<o.length;i++)o[i].style.display=\"none\";for(i=0;i<a.length;i++)s=a[i],e.source===s.contentWindow&&(s.removeAttribute(\"style\"),\"height\"===t.message?(1e3<(r=parseInt(t.value,10))?r=1e3:~~r<200&&(r=200),s.height=r):\"link\"===t.message&&(r=new URL(s.getAttribute(\"src\")),n=new URL(t.value),c.test(n.protocol))&&n.host===r.host&&l.activeElement===s&&(d.top.location.href=t.value))}},d.addEventListener(\"message\",d.wp.receiveEmbedMessage,!1),l.addEventListener(\"DOMContentLoaded\",function(){for(var e,t,s=l.querySelectorAll(\"iframe.wp-embedded-content\"),r=0;r<s.length;r++)(t=(e=s[r]).getAttribute(\"data-secret\"))||(t=Math.random().toString(36).substring(2,12),e.src+=\"#?secret=\"+t,e.setAttribute(\"data-secret\",t)),e.contentWindow.postMessage({message:\"ready\",secret:t},\"*\")},!1)))}(window,document);\n\/\/# sourceURL=https:\/\/2liceum.eu\/wp-includes\/js\/wp-embed.min.js\n\/* ]]> *\/\n<\/script>\n","description":"&nbsp; W s\u0142oneczny czwartek, 6 czerwca klasa IIIe wraz z opiekunkami Pani\u0105 Joann\u0105 Zimn\u0105 i Pani\u0105 Ew\u0105 Gr\u0119d\u0105, wybra\u0142a si\u0119 si\u0119 na wycieczk\u0119 do Wroc\u0142awia. Tym razem zwiedzili\u015bmy Muzeum Pana Tadeusza, czyli najnowsz\u0105 cz\u0119\u015b\u0107 Ossolineum, znajduj\u0105c\u0105 si\u0119 w jednej z najpi\u0119kniejszych kamienic Wroc\u0142awia \u2013 Pod Z\u0142otym S\u0142o\u0144cem. Wybrali\u015bmy najnowsz\u0105 z trzech ekspozycji sta\u0142ych, wystaw\u0119 pt. [&hellip;]","thumbnail_url":"https:\/\/2liceum.eu\/wp-content\/uploads\/sites\/1\/nggallery\/wizyta-we-wroclawiu\/1718632191440.jpg"}