{"version":"1.0","provider_name":"II Liceum Og\u00f3lnokszta\u0142c\u0105ce w Lubinie","provider_url":"https:\/\/2liceum.eu","title":"Pasowanie pierwszoklasist\u00f3w! - II Liceum Og\u00f3lnokszta\u0142c\u0105ce w Lubinie","type":"rich","width":600,"height":338,"html":"<blockquote class=\"wp-embedded-content\" data-secret=\"QlSZb8xqqX\"><a href=\"https:\/\/2liceum.eu\/index.php\/2024\/10\/03\/pasowanie-pierwszoklasistow\/\">Pasowanie pierwszoklasist\u00f3w!<\/a><\/blockquote><iframe sandbox=\"allow-scripts\" security=\"restricted\" src=\"https:\/\/2liceum.eu\/index.php\/2024\/10\/03\/pasowanie-pierwszoklasistow\/embed\/#?secret=QlSZb8xqqX\" width=\"600\" height=\"338\" title=\"&#8222;Pasowanie pierwszoklasist\u00f3w!&#8221; &#8212; II Liceum Og\u00f3lnokszta\u0142c\u0105ce w Lubinie\" data-secret=\"QlSZb8xqqX\" frameborder=\"0\" marginwidth=\"0\" marginheight=\"0\" scrolling=\"no\" class=\"wp-embedded-content\"><\/iframe><script type=\"text\/javascript\">\n\/* <![CDATA[ *\/\n\/*! This file is auto-generated *\/\n!function(d,l){\"use strict\";l.querySelector&&d.addEventListener&&\"undefined\"!=typeof URL&&(d.wp=d.wp||{},d.wp.receiveEmbedMessage||(d.wp.receiveEmbedMessage=function(e){var t=e.data;if((t||t.secret||t.message||t.value)&&!\/[^a-zA-Z0-9]\/.test(t.secret)){for(var s,r,n,a=l.querySelectorAll('iframe[data-secret=\"'+t.secret+'\"]'),o=l.querySelectorAll('blockquote[data-secret=\"'+t.secret+'\"]'),c=new RegExp(\"^https?:$\",\"i\"),i=0;i<o.length;i++)o[i].style.display=\"none\";for(i=0;i<a.length;i++)s=a[i],e.source===s.contentWindow&&(s.removeAttribute(\"style\"),\"height\"===t.message?(1e3<(r=parseInt(t.value,10))?r=1e3:~~r<200&&(r=200),s.height=r):\"link\"===t.message&&(r=new URL(s.getAttribute(\"src\")),n=new URL(t.value),c.test(n.protocol))&&n.host===r.host&&l.activeElement===s&&(d.top.location.href=t.value))}},d.addEventListener(\"message\",d.wp.receiveEmbedMessage,!1),l.addEventListener(\"DOMContentLoaded\",function(){for(var e,t,s=l.querySelectorAll(\"iframe.wp-embedded-content\"),r=0;r<s.length;r++)(t=(e=s[r]).getAttribute(\"data-secret\"))||(t=Math.random().toString(36).substring(2,12),e.src+=\"#?secret=\"+t,e.setAttribute(\"data-secret\",t)),e.contentWindow.postMessage({message:\"ready\",secret:t},\"*\")},!1)))}(window,document);\n\/\/# sourceURL=https:\/\/2liceum.eu\/wp-includes\/js\/wp-embed.min.js\n\/* ]]> *\/\n<\/script>\n","description":"2 pa\u017adziernika odby\u0142o si\u0119 uroczyste pasowanie pierwszoklasist\u00f3w na uczni\u00f3w naszej szko\u0142y, przygotowane przez klas\u0119 2a. &nbsp; Klasy mia\u0142y kilka zada\u0144 do wykonania. Pierwszym z nich by\u0142o zata\u0144czenie wybranego ta\u0144ca, drugim za\u015bpiewanie do wybranej przez klas\u0119 2a piosenki karaoke. Kolejnym zadaniem by\u0142o narysowanie portret\u00f3w swoich wychowawc\u00f3w, a ostatnim test z wiedzy og\u00f3lnej. Punkty przyznawa\u0142o jury sk\u0142adaj\u0105ce [&hellip;]","thumbnail_url":"https:\/\/2liceum.eu\/wp-content\/uploads\/sites\/1\/nggallery\/pasowanie-pierwszoklasistow\/thumbs\/thumbs_007.JPG"}