{"version":"1.0","provider_name":"II Liceum Og\u00f3lnokszta\u0142c\u0105ce w Lubinie","provider_url":"https:\/\/2liceum.eu","title":"Og\u00f3lnopolski Tydzie\u0144 Kariery! - II Liceum Og\u00f3lnokszta\u0142c\u0105ce w Lubinie","type":"rich","width":600,"height":338,"html":"<blockquote class=\"wp-embedded-content\" data-secret=\"OVXjcBMORx\"><a href=\"https:\/\/2liceum.eu\/index.php\/2024\/10\/21\/ogolnopolski-tydzien-kariery\/\">Og\u00f3lnopolski Tydzie\u0144 Kariery!<\/a><\/blockquote><iframe sandbox=\"allow-scripts\" security=\"restricted\" src=\"https:\/\/2liceum.eu\/index.php\/2024\/10\/21\/ogolnopolski-tydzien-kariery\/embed\/#?secret=OVXjcBMORx\" width=\"600\" height=\"338\" title=\"&#8222;Og\u00f3lnopolski Tydzie\u0144 Kariery!&#8221; &#8212; II Liceum Og\u00f3lnokszta\u0142c\u0105ce w Lubinie\" data-secret=\"OVXjcBMORx\" frameborder=\"0\" marginwidth=\"0\" marginheight=\"0\" scrolling=\"no\" class=\"wp-embedded-content\"><\/iframe><script type=\"text\/javascript\">\n\/* <![CDATA[ *\/\n\/*! This file is auto-generated *\/\n!function(d,l){\"use strict\";l.querySelector&&d.addEventListener&&\"undefined\"!=typeof URL&&(d.wp=d.wp||{},d.wp.receiveEmbedMessage||(d.wp.receiveEmbedMessage=function(e){var t=e.data;if((t||t.secret||t.message||t.value)&&!\/[^a-zA-Z0-9]\/.test(t.secret)){for(var s,r,n,a=l.querySelectorAll('iframe[data-secret=\"'+t.secret+'\"]'),o=l.querySelectorAll('blockquote[data-secret=\"'+t.secret+'\"]'),c=new RegExp(\"^https?:$\",\"i\"),i=0;i<o.length;i++)o[i].style.display=\"none\";for(i=0;i<a.length;i++)s=a[i],e.source===s.contentWindow&&(s.removeAttribute(\"style\"),\"height\"===t.message?(1e3<(r=parseInt(t.value,10))?r=1e3:~~r<200&&(r=200),s.height=r):\"link\"===t.message&&(r=new URL(s.getAttribute(\"src\")),n=new URL(t.value),c.test(n.protocol))&&n.host===r.host&&l.activeElement===s&&(d.top.location.href=t.value))}},d.addEventListener(\"message\",d.wp.receiveEmbedMessage,!1),l.addEventListener(\"DOMContentLoaded\",function(){for(var e,t,s=l.querySelectorAll(\"iframe.wp-embedded-content\"),r=0;r<s.length;r++)(t=(e=s[r]).getAttribute(\"data-secret\"))||(t=Math.random().toString(36).substring(2,12),e.src+=\"#?secret=\"+t,e.setAttribute(\"data-secret\",t)),e.contentWindow.postMessage({message:\"ready\",secret:t},\"*\")},!1)))}(window,document);\n\/\/# sourceURL=https:\/\/2liceum.eu\/wp-includes\/js\/wp-embed.min.js\n\/* ]]> *\/\n<\/script>\n","description":"&nbsp; W dniach 17-18 pa\u017adziernika bie\u017c\u0105cego roku klasy czwarte c,d,e bra\u0142y udzia\u0142 w XVI Og\u00f3lnopolskim Tygodniu Kariery organizowanym przez Powiatowy Urz\u0105d Pracy w Lubinie w Inkubatorze Przedsi\u0119biorczo\u015bci. Uczniowie uczestniczyli mi\u0119dzy innymi w takich wyk\u0142adach jak: ,,Pierwsza praca, pierwsza umowa o prac\u0119, fakty i mity\u201d, ,,Czy warto studiowa\u0107, cokolwiek?\u201d, ,,Kompetencje Twoim paliwem do kariery\u201d. Dzi\u0119ki warsztatom [&hellip;]","thumbnail_url":"https:\/\/2liceum.eu\/wp-content\/uploads\/sites\/1\/nggallery\/tydzien-przedsiebiorczosci\/IMG_1113.jpg"}