{"version":"1.0","provider_name":"II Liceum Og\u00f3lnokszta\u0142c\u0105ce w Lubinie","provider_url":"https:\/\/2liceum.eu","title":"Narodowe \u015awi\u0119to Niepodleg\u0142o\u015bci! - II Liceum Og\u00f3lnokszta\u0142c\u0105ce w Lubinie","type":"rich","width":600,"height":338,"html":"<blockquote class=\"wp-embedded-content\" data-secret=\"nbWwXLb0Vv\"><a href=\"https:\/\/2liceum.eu\/index.php\/2025\/11\/07\/narodowe-swieto-niepodleglosci\/\">Narodowe \u015awi\u0119to Niepodleg\u0142o\u015bci!<\/a><\/blockquote><iframe sandbox=\"allow-scripts\" security=\"restricted\" src=\"https:\/\/2liceum.eu\/index.php\/2025\/11\/07\/narodowe-swieto-niepodleglosci\/embed\/#?secret=nbWwXLb0Vv\" width=\"600\" height=\"338\" title=\"&#8222;Narodowe \u015awi\u0119to Niepodleg\u0142o\u015bci!&#8221; &#8212; II Liceum Og\u00f3lnokszta\u0142c\u0105ce w Lubinie\" data-secret=\"nbWwXLb0Vv\" frameborder=\"0\" marginwidth=\"0\" marginheight=\"0\" scrolling=\"no\" class=\"wp-embedded-content\"><\/iframe><script type=\"text\/javascript\">\n\/* <![CDATA[ *\/\n\/*! This file is auto-generated *\/\n!function(d,l){\"use strict\";l.querySelector&&d.addEventListener&&\"undefined\"!=typeof URL&&(d.wp=d.wp||{},d.wp.receiveEmbedMessage||(d.wp.receiveEmbedMessage=function(e){var t=e.data;if((t||t.secret||t.message||t.value)&&!\/[^a-zA-Z0-9]\/.test(t.secret)){for(var s,r,n,a=l.querySelectorAll('iframe[data-secret=\"'+t.secret+'\"]'),o=l.querySelectorAll('blockquote[data-secret=\"'+t.secret+'\"]'),c=new RegExp(\"^https?:$\",\"i\"),i=0;i<o.length;i++)o[i].style.display=\"none\";for(i=0;i<a.length;i++)s=a[i],e.source===s.contentWindow&&(s.removeAttribute(\"style\"),\"height\"===t.message?(1e3<(r=parseInt(t.value,10))?r=1e3:~~r<200&&(r=200),s.height=r):\"link\"===t.message&&(r=new URL(s.getAttribute(\"src\")),n=new URL(t.value),c.test(n.protocol))&&n.host===r.host&&l.activeElement===s&&(d.top.location.href=t.value))}},d.addEventListener(\"message\",d.wp.receiveEmbedMessage,!1),l.addEventListener(\"DOMContentLoaded\",function(){for(var e,t,s=l.querySelectorAll(\"iframe.wp-embedded-content\"),r=0;r<s.length;r++)(t=(e=s[r]).getAttribute(\"data-secret\"))||(t=Math.random().toString(36).substring(2,12),e.src+=\"#?secret=\"+t,e.setAttribute(\"data-secret\",t)),e.contentWindow.postMessage({message:\"ready\",secret:t},\"*\")},!1)))}(window,document);\n\/\/# sourceURL=https:\/\/2liceum.eu\/wp-includes\/js\/wp-embed.min.js\n\/* ]]> *\/\n<\/script>\n","description":"7 listopada w naszej szkole odby\u0142 si\u0119 uroczysty apel z okazji Narodowego \u015awi\u0119ta Niepodleg\u0142o\u015bci. To by\u0142 niezwyk\u0142y dzie\u0144 pe\u0142en wzrusze\u0144, dumy i refleksji nad tym, jak wa\u017cna jest wolno\u015b\u0107, o kt\u00f3r\u0105 walczy\u0142y pokolenia Polak\u00f3w. &nbsp; Podczas uroczysto\u015bci uczniowie zaprezentowali swoje talenty w r\u00f3\u017cnych formach artystycznych \u2013 recytowali wiersze, \u015bpiewali pie\u015bni patriotyczne, ta\u0144czyli oraz grali na [&hellip;]","thumbnail_url":"https:\/\/2liceum.eu\/wp-content\/uploads\/sites\/1\/nggallery\/swieto-niepodleglosci-w-ii-lo\/thumbs\/thumbs_att.kK_8NND1OkNgdmiq7LCodN4DwhPcmVMjZpS67yTQgJY.jpeg"}