{"version":"1.0","provider_name":"II Liceum Og\u00f3lnokszta\u0142c\u0105ce w Lubinie","provider_url":"https:\/\/2liceum.eu","title":"Portrety Mistrz\u00f3w S\u0142owa! - II Liceum Og\u00f3lnokszta\u0142c\u0105ce w Lubinie","type":"rich","width":600,"height":338,"html":"<blockquote class=\"wp-embedded-content\" data-secret=\"wnfUdHfDEx\"><a href=\"https:\/\/2liceum.eu\/index.php\/2025\/12\/17\/portrety-mistrzow-slowa\/\">Portrety Mistrz\u00f3w S\u0142owa!<\/a><\/blockquote><iframe sandbox=\"allow-scripts\" security=\"restricted\" src=\"https:\/\/2liceum.eu\/index.php\/2025\/12\/17\/portrety-mistrzow-slowa\/embed\/#?secret=wnfUdHfDEx\" width=\"600\" height=\"338\" title=\"&#8222;Portrety Mistrz\u00f3w S\u0142owa!&#8221; &#8212; II Liceum Og\u00f3lnokszta\u0142c\u0105ce w Lubinie\" data-secret=\"wnfUdHfDEx\" frameborder=\"0\" marginwidth=\"0\" marginheight=\"0\" scrolling=\"no\" class=\"wp-embedded-content\"><\/iframe><script type=\"text\/javascript\">\n\/* <![CDATA[ *\/\n\/*! This file is auto-generated *\/\n!function(d,l){\"use strict\";l.querySelector&&d.addEventListener&&\"undefined\"!=typeof URL&&(d.wp=d.wp||{},d.wp.receiveEmbedMessage||(d.wp.receiveEmbedMessage=function(e){var t=e.data;if((t||t.secret||t.message||t.value)&&!\/[^a-zA-Z0-9]\/.test(t.secret)){for(var s,r,n,a=l.querySelectorAll('iframe[data-secret=\"'+t.secret+'\"]'),o=l.querySelectorAll('blockquote[data-secret=\"'+t.secret+'\"]'),c=new RegExp(\"^https?:$\",\"i\"),i=0;i<o.length;i++)o[i].style.display=\"none\";for(i=0;i<a.length;i++)s=a[i],e.source===s.contentWindow&&(s.removeAttribute(\"style\"),\"height\"===t.message?(1e3<(r=parseInt(t.value,10))?r=1e3:~~r<200&&(r=200),s.height=r):\"link\"===t.message&&(r=new URL(s.getAttribute(\"src\")),n=new URL(t.value),c.test(n.protocol))&&n.host===r.host&&l.activeElement===s&&(d.top.location.href=t.value))}},d.addEventListener(\"message\",d.wp.receiveEmbedMessage,!1),l.addEventListener(\"DOMContentLoaded\",function(){for(var e,t,s=l.querySelectorAll(\"iframe.wp-embedded-content\"),r=0;r<s.length;r++)(t=(e=s[r]).getAttribute(\"data-secret\"))||(t=Math.random().toString(36).substring(2,12),e.src+=\"#?secret=\"+t,e.setAttribute(\"data-secret\",t)),e.contentWindow.postMessage({message:\"ready\",secret:t},\"*\")},!1)))}(window,document);\n\/\/# sourceURL=https:\/\/2liceum.eu\/wp-includes\/js\/wp-embed.min.js\n\/* ]]> *\/\n<\/script>\n","description":"Chcieliby\u015bmy serdecznie podzi\u0119kowa\u0107 Oliwii Brzozowskiej z klasy 2dza jej niezwyk\u0142\u0105 prac\u0119 artystyczn\u0105. Oliwia w\u0142asnor\u0119cznie narysowa\u0142a do sali j\u0119zyka polskiego 03 seri\u0119 portret\u00f3w wybitnych pisarzy. W\u015br\u00f3d nich znale\u017ali si\u0119 m.in. Jan Kochanowski, Ignacy Krasicki, Adam Mickiewicz, Juliusz S\u0142owacki, Zygmunt Krasi\u0144ski, Boles\u0142aw Prus, Henryk Sienkiewicz, W\u0142adys\u0142aw Reymont, Julian Tuwim oraz Krzysztof Kamil Baczy\u0144ski. Prace te w ciekawy [&hellip;]","thumbnail_url":"https:\/\/2liceum.eu\/wp-content\/uploads\/2025\/12\/600254841_1476445321149872_2267802148990107304_n-300x225.jpg"}