{"version":"1.0","provider_name":"II Liceum Og\u00f3lnokszta\u0142c\u0105ce w Lubinie","provider_url":"https:\/\/2liceum.eu","title":"Absolwenci - II Liceum Og\u00f3lnokszta\u0142c\u0105ce w Lubinie","type":"rich","width":600,"height":338,"html":"<blockquote class=\"wp-embedded-content\" data-secret=\"VosI3kZSnA\"><a href=\"https:\/\/2liceum.eu\/index.php\/o-szkole\/absolwenci\/\">Absolwenci<\/a><\/blockquote><iframe sandbox=\"allow-scripts\" security=\"restricted\" src=\"https:\/\/2liceum.eu\/index.php\/o-szkole\/absolwenci\/embed\/#?secret=VosI3kZSnA\" width=\"600\" height=\"338\" title=\"&#8222;Absolwenci&#8221; &#8212; II Liceum Og\u00f3lnokszta\u0142c\u0105ce w Lubinie\" data-secret=\"VosI3kZSnA\" frameborder=\"0\" marginwidth=\"0\" marginheight=\"0\" scrolling=\"no\" class=\"wp-embedded-content\"><\/iframe><script type=\"text\/javascript\">\n\/* <![CDATA[ *\/\n\/*! This file is auto-generated *\/\n!function(d,l){\"use strict\";l.querySelector&&d.addEventListener&&\"undefined\"!=typeof URL&&(d.wp=d.wp||{},d.wp.receiveEmbedMessage||(d.wp.receiveEmbedMessage=function(e){var t=e.data;if((t||t.secret||t.message||t.value)&&!\/[^a-zA-Z0-9]\/.test(t.secret)){for(var s,r,n,a=l.querySelectorAll('iframe[data-secret=\"'+t.secret+'\"]'),o=l.querySelectorAll('blockquote[data-secret=\"'+t.secret+'\"]'),c=new RegExp(\"^https?:$\",\"i\"),i=0;i<o.length;i++)o[i].style.display=\"none\";for(i=0;i<a.length;i++)s=a[i],e.source===s.contentWindow&&(s.removeAttribute(\"style\"),\"height\"===t.message?(1e3<(r=parseInt(t.value,10))?r=1e3:~~r<200&&(r=200),s.height=r):\"link\"===t.message&&(r=new URL(s.getAttribute(\"src\")),n=new URL(t.value),c.test(n.protocol))&&n.host===r.host&&l.activeElement===s&&(d.top.location.href=t.value))}},d.addEventListener(\"message\",d.wp.receiveEmbedMessage,!1),l.addEventListener(\"DOMContentLoaded\",function(){for(var e,t,s=l.querySelectorAll(\"iframe.wp-embedded-content\"),r=0;r<s.length;r++)(t=(e=s[r]).getAttribute(\"data-secret\"))||(t=Math.random().toString(36).substring(2,12),e.src+=\"#?secret=\"+t,e.setAttribute(\"data-secret\",t)),e.contentWindow.postMessage({message:\"ready\",secret:t},\"*\")},!1)))}(window,document);\n\/\/# sourceURL=https:\/\/2liceum.eu\/wp-includes\/js\/wp-embed.min.js\n\/* ]]> *\/\n<\/script>\n","description":"W ci\u0105gu ponad dwudziestu lat mury naszej szko\u0142y opu\u015bci\u0142o ponad 5.000 absolwent\u00f3w. Wi\u0119kszo\u015b\u0107 z nich podj\u0119\u0142a studia wy\u017csze. Nasi absolwenci pracuj\u0105 w r\u00f3\u017cnorodnych zawodach, pe\u0142ni\u0105 odpowiedzialne funkcje i s\u0105 \u017cywym dowodem jako\u015bci kszta\u0142cenia w lubi\u0144skim II LO. &nbsp; Oto sylwetki niekt\u00f3rych z nich: Maciej Barys, dr nauk chemicznych o specjalno\u015bci \u201echemia organiczna\u201d, pozyska\u0142 grant unijny&nbsp; [&hellip;]","thumbnail_url":"http:\/\/2liceum.eu\/images\/articles\/strony_informacyjne\/o_szkole\/14.jpg"}