{"id":162,"date":"2017-12-21T09:17:33","date_gmt":"2017-12-21T08:17:33","guid":{"rendered":"http:\/\/2liceum.eu\/?page_id=162"},"modified":"2026-01-23T10:09:34","modified_gmt":"2026-01-23T09:09:34","slug":"biblioteka","status":"publish","type":"page","link":"https:\/\/2liceum.eu\/index.php\/biblioteka\/","title":{"rendered":"Biblioteka"},"content":{"rendered":"<p>&nbsp;<\/p>\n<p>&nbsp;<\/p>\n<p>&nbsp;<\/p>\n<p>&nbsp;<\/p>\n<p><center><img loading=\"lazy\" decoding=\"async\" class=\"alignnone size-medium wp-image-277\" src=\"http:\/\/2liceum.eu\/wp-content\/uploads\/2018\/01\/logo_biblioteka-300x77.jpg\" alt=\"\" width=\"300\" height=\"77\" srcset=\"https:\/\/2liceum.eu\/wp-content\/uploads\/2018\/01\/logo_biblioteka-300x77.jpg 300w, https:\/\/2liceum.eu\/wp-content\/uploads\/2018\/01\/logo_biblioteka.jpg 590w\" sizes=\"auto, (max-width: 300px) 100vw, 300px\" \/><\/center>&nbsp;<\/p>\n<p>&nbsp;<\/p>\n<div style=\"text-align: center;\">\n<p>&nbsp;<\/p>\n<p>&nbsp;<\/p>\n<p>&nbsp;<\/p>\n<p><center>&nbsp;&nbsp;&nbsp;&nbsp;&nbsp;&nbsp;<\/p>\n<table style=\"width: 33.1435%; height: 112px;\">\n<tbody>\n<tr>\n<td style=\"width: 52.3466%;\"><strong><span style=\"color: #bb4b44;\">Poniedzia\u0142ek<\/span><\/strong><\/td>\n<td style=\"width: 45.4874%;\">&nbsp;<strong><span style=\"color: #bb4b44;\">7:45-13:45<\/span><\/strong><\/td>\n<\/tr>\n<tr>\n<td style=\"width: 52.3466%;\"><strong><span style=\"color: #bb4b44;\">Wtorek <\/span><\/strong><\/td>\n<td style=\"width: 45.4874%;\"><strong><span style=\"color: #bb4b44;\">&nbsp;7:45-12:45<\/span><\/strong><\/td>\n<\/tr>\n<tr>\n<td style=\"width: 52.3466%;\"><strong><span style=\"color: #bb4b44;\">\u015aroda<\/span><\/strong><\/td>\n<td style=\"width: 45.4874%;\"><strong><span style=\"color: #bb4b44;\">&nbsp;7:45-12:45<\/span><\/strong><\/td>\n<\/tr>\n<tr>\n<td style=\"width: 52.3466%;\"><strong><span style=\"color: #bb4b44;\">Czwartek<\/span><\/strong><\/td>\n<td style=\"width: 45.4874%;\"><strong><span style=\"color: #bb4b44;\">&nbsp;7:45-12:45<\/span><\/strong><\/td>\n<\/tr>\n<tr>\n<td style=\"width: 52.3466%;\"><strong><span style=\"color: #bb4b44;\"><strong><span style=\"color: #bb4b44;\">Pi\u0105tek<\/span><\/strong><\/span><\/strong><\/td>\n<td style=\"width: 45.4874%;\"><strong><span style=\"color: #bb4b44;\">&nbsp;7:45-12:45<\/span><\/strong><\/td>\n<\/tr>\n<\/tbody>\n<\/table>\n<p>&nbsp;<\/p>\n<p>&nbsp;<\/p>\n<p>&nbsp;<\/p>\n<p><\/center>&nbsp; &nbsp;<\/div>\n<div style=\"text-align: justify;\">\n<p>Biblioteka naszego liceum sk\u0142ada si\u0119 z&nbsp;wypo\u017cyczalni i&nbsp;czytelni.<\/p>\n<p>Ksi\u0119gozbi\u00f3r g\u0142\u00f3wny, licz\u0105cy ponad 10 tysi\u0119cy ksi\u0105\u017cek, obejmuje: lektury, literatur\u0119 pi\u0119kn\u0105, literatur\u0119 popularnonaukow\u0105, literatur\u0119 obcoj\u0119zyczn\u0105 (w&nbsp;j\u0119zykach oryginalnych).<\/p>\n<p>Czytelnia oferuje: ksi\u0119gozbi\u00f3r podr\u0119czny (encyklopedie, s\u0142owniki, albumy, informatory), czasopisma, zbiory audiowizualne i&nbsp;multimedialne. W&nbsp;czytelni mo\u017cna skorzysta\u0107 z&nbsp;komputer\u00f3w z&nbsp;dost\u0119pem do&nbsp;Internetu (2 stanowiska).<\/p>\n<p>&nbsp;<\/p>\n<p style=\"text-align: center;\"><strong>Czytelnictwo w&nbsp; I semestrze 2025\/26<\/strong><\/p>\n<p>W I semestrze czytelni\u0119 odwiedzi\u0142o 403 uczni\u00f3w , wypo\u017cyczono 1254 ksi\u0105\u017cek ( 15,1 \u015br. dzienna )<\/p>\n<p>Najwi\u0119cej ksi\u0105\u017cek wypo\u017cyczy\u0142a kl. 4f a najmniej 3c. Powy\u017cej \u015bredniej (1,56) wypo\u017cycza\u0142y klasy: 1c, 1d, 2d, 3a, 3b, 3g, 4d, 4e,.<\/p>\n<table>\n<tbody>\n<tr>\n<td width=\"139\">klasa<\/td>\n<td width=\"145\">liczba wypo\u017cycze\u0144<\/td>\n<td width=\"141\">\u015brednia<\/td>\n<td width=\"141\">ranking<\/td>\n<\/tr>\n<tr>\n<td width=\"139\">1a<\/td>\n<td width=\"145\">43<\/td>\n<td width=\"141\">1,33<\/td>\n<td width=\"141\">13<\/td>\n<\/tr>\n<tr>\n<td width=\"139\">1b<\/td>\n<td width=\"145\">49<\/td>\n<td width=\"141\">1,48<\/td>\n<td width=\"141\">11<\/td>\n<\/tr>\n<tr>\n<td width=\"139\">1c<\/td>\n<td width=\"145\">87<\/td>\n<td width=\"141\">2,42<\/td>\n<td width=\"141\">6<\/td>\n<\/tr>\n<tr>\n<td width=\"139\">1d<\/td>\n<td width=\"145\">60<\/td>\n<td width=\"141\">1,83<\/td>\n<td width=\"141\">8<\/td>\n<\/tr>\n<tr>\n<td width=\"139\">1e<\/td>\n<td width=\"145\">40<\/td>\n<td width=\"141\">1,24<\/td>\n<td width=\"141\">14<\/td>\n<\/tr>\n<tr>\n<td width=\"139\">1f<\/td>\n<td width=\"145\">42<\/td>\n<td width=\"141\">1,44<\/td>\n<td width=\"141\">12<\/td>\n<\/tr>\n<tr>\n<td width=\"139\">2a<\/td>\n<td width=\"145\">17<\/td>\n<td width=\"141\">0,80<\/td>\n<td width=\"141\">17<\/td>\n<\/tr>\n<tr>\n<td width=\"139\">2b<\/td>\n<td width=\"145\">6<\/td>\n<td width=\"141\">0,24<\/td>\n<td width=\"141\">20<\/td>\n<\/tr>\n<tr>\n<td width=\"139\">2c<\/td>\n<td width=\"145\">20<\/td>\n<td width=\"141\">0,67<\/td>\n<td width=\"141\">19<\/td>\n<\/tr>\n<tr>\n<td width=\"139\">2d<\/td>\n<td width=\"145\">131<\/td>\n<td width=\"141\">4,27<\/td>\n<td width=\"141\">2<\/td>\n<\/tr>\n<tr>\n<td width=\"139\">3a<\/td>\n<td width=\"145\">62<\/td>\n<td width=\"141\">1,81<\/td>\n<td width=\"141\">9<\/td>\n<\/tr>\n<tr>\n<td width=\"139\">3b<\/td>\n<td width=\"145\">68<\/td>\n<td width=\"141\">1,94<\/td>\n<td width=\"141\">7<\/td>\n<\/tr>\n<tr>\n<td width=\"139\">3c<\/td>\n<td width=\"145\">2<\/td>\n<td width=\"141\">0,06<\/td>\n<td width=\"141\">24<\/td>\n<\/tr>\n<tr>\n<td width=\"139\">3d<\/td>\n<td width=\"145\">32<\/td>\n<td width=\"141\">0,89<\/td>\n<td width=\"141\">16<\/td>\n<\/tr>\n<tr>\n<td width=\"139\">3e<\/td>\n<td width=\"145\">8<\/td>\n<td width=\"141\">0,24<\/td>\n<td width=\"141\">21<\/td>\n<\/tr>\n<tr>\n<td width=\"139\">3f<\/td>\n<td width=\"145\">6<\/td>\n<td width=\"141\">0,18<\/td>\n<td width=\"141\">23<\/td>\n<\/tr>\n<tr>\n<td width=\"139\">3g<\/td>\n<td width=\"145\">85<\/td>\n<td width=\"141\">2,49<\/td>\n<td width=\"141\">5<\/td>\n<\/tr>\n<tr>\n<td width=\"139\">4a<\/td>\n<td width=\"145\">54<\/td>\n<td width=\"141\">1,50<\/td>\n<td width=\"141\">10<\/td>\n<\/tr>\n<tr>\n<td width=\"139\">4b<\/td>\n<td width=\"145\">7<\/td>\n<td width=\"141\">0,21<\/td>\n<td width=\"141\">22<\/td>\n<\/tr>\n<tr>\n<td width=\"139\">4c<\/td>\n<td width=\"145\">26<\/td>\n<td width=\"141\">0,72<\/td>\n<td width=\"141\">18<\/td>\n<\/tr>\n<tr>\n<td width=\"139\">4d<\/td>\n<td width=\"145\">96<\/td>\n<td width=\"141\">2,75<\/td>\n<td width=\"141\">3<\/td>\n<\/tr>\n<tr>\n<td width=\"139\">4e<\/td>\n<td width=\"145\">87<\/td>\n<td width=\"141\">2,56<\/td>\n<td width=\"141\">4<\/td>\n<\/tr>\n<tr>\n<td width=\"139\">4f<\/td>\n<td width=\"145\">167<\/td>\n<td width=\"141\">4,40<\/td>\n<td width=\"141\">1<\/td>\n<\/tr>\n<tr>\n<td width=\"139\">4g<\/td>\n<td width=\"145\">35<\/td>\n<td width=\"141\">1,03<\/td>\n<td width=\"141\">15<\/td>\n<\/tr>\n<\/tbody>\n<\/table>\n<p><strong>&nbsp;<\/strong><\/p>\n<p><strong>Najlepsi czytelnicy:<\/strong><\/p>\n<table>\n<tbody>\n<tr>\n<td width=\"62\">l.p.<\/td>\n<td width=\"245\">Imi\u0119, nazwisko<\/td>\n<td width=\"114\">klasa<\/td>\n<td width=\"145\">liczba wypo\u017cycze\u0144<\/td>\n<\/tr>\n<tr>\n<td width=\"62\">1<\/td>\n<td width=\"245\">Zuzanna Grej\u0107<\/td>\n<td width=\"114\">3g<\/td>\n<td width=\"145\">21<\/td>\n<\/tr>\n<tr>\n<td width=\"62\">2<\/td>\n<td width=\"245\">Lena Wiktor<\/td>\n<td width=\"114\">3g<\/td>\n<td width=\"145\">12<\/td>\n<\/tr>\n<tr>\n<td width=\"62\">3<\/td>\n<td width=\"245\">Filomena Rostitska<\/td>\n<td width=\"114\">2d<\/td>\n<td width=\"145\">11<\/td>\n<\/tr>\n<tr>\n<td width=\"62\">4<\/td>\n<td width=\"245\">Robert Salomon<\/td>\n<td width=\"114\">2d<\/td>\n<td width=\"145\">11<\/td>\n<\/tr>\n<tr>\n<td width=\"62\">5<\/td>\n<td width=\"245\">Julia Radyk<\/td>\n<td width=\"114\">4f<\/td>\n<td width=\"145\">10<\/td>\n<\/tr>\n<tr>\n<td width=\"62\">6<\/td>\n<td width=\"245\">Alicja J\u0119drys<\/td>\n<td width=\"114\">4e<\/td>\n<td width=\"145\">9<\/td>\n<\/tr>\n<tr>\n<td width=\"62\">7<\/td>\n<td width=\"245\">Oliwia Brzozowska<\/td>\n<td width=\"114\">2d<\/td>\n<td width=\"145\">9<\/td>\n<\/tr>\n<tr>\n<td width=\"62\">8<\/td>\n<td width=\"245\">Weronika Rojek<\/td>\n<td width=\"114\">4e<\/td>\n<td width=\"145\">9<\/td>\n<\/tr>\n<\/tbody>\n<\/table>\n<p>&nbsp;<\/p>\n<p>&nbsp;<\/p>\n<\/div>\n","protected":false},"excerpt":{"rendered":"<p>&nbsp; &nbsp; &nbsp; &nbsp; &nbsp; &nbsp; &nbsp; &nbsp; &nbsp; &nbsp;&nbsp;&nbsp;&nbsp;&nbsp;&nbsp; Poniedzia\u0142ek &nbsp;7:45-13:45 Wtorek &nbsp;7:45-12:45 \u015aroda &nbsp;7:45-12:45 Czwartek &nbsp;7:45-12:45 Pi\u0105tek &nbsp;7:45-12:45 &nbsp; &nbsp; &nbsp; &nbsp; &nbsp; Biblioteka naszego liceum sk\u0142ada si\u0119 z&nbsp;wypo\u017cyczalni i&nbsp;czytelni. Ksi\u0119gozbi\u00f3r g\u0142\u00f3wny, licz\u0105cy ponad 10 tysi\u0119cy ksi\u0105\u017cek, obejmuje: lektury, literatur\u0119 pi\u0119kn\u0105, literatur\u0119 popularnonaukow\u0105, literatur\u0119 obcoj\u0119zyczn\u0105 (w&nbsp;j\u0119zykach oryginalnych). Czytelnia oferuje: ksi\u0119gozbi\u00f3r podr\u0119czny (encyklopedie, s\u0142owniki, [&hellip;]<\/p>\n","protected":false},"author":2,"featured_media":0,"parent":0,"menu_order":0,"comment_status":"closed","ping_status":"closed","template":"","meta":{"ngg_post_thumbnail":0,"footnotes":""},"class_list":["post-162","page","type-page","status-publish","hentry"],"yoast_head":"<!-- This site is optimized with the Yoast SEO plugin v19.4 - https:\/\/yoast.com\/wordpress\/plugins\/seo\/ -->\n<title>Biblioteka - II Liceum Og\u00f3lnokszta\u0142c\u0105ce w Lubinie<\/title>\n<meta name=\"robots\" content=\"index, follow, max-snippet:-1, max-image-preview:large, max-video-preview:-1\" \/>\n<link rel=\"canonical\" href=\"https:\/\/2liceum.eu\/index.php\/biblioteka\/\" \/>\n<meta property=\"og:locale\" content=\"pl_PL\" \/>\n<meta property=\"og:type\" content=\"article\" \/>\n<meta property=\"og:title\" content=\"Biblioteka - II Liceum Og\u00f3lnokszta\u0142c\u0105ce w Lubinie\" \/>\n<meta property=\"og:description\" content=\"&nbsp; &nbsp; &nbsp; &nbsp; &nbsp; &nbsp; &nbsp; &nbsp; &nbsp; &nbsp;&nbsp;&nbsp;&nbsp;&nbsp;&nbsp; Poniedzia\u0142ek &nbsp;7:45-13:45 Wtorek &nbsp;7:45-12:45 \u015aroda &nbsp;7:45-12:45 Czwartek &nbsp;7:45-12:45 Pi\u0105tek &nbsp;7:45-12:45 &nbsp; &nbsp; &nbsp; &nbsp; &nbsp; Biblioteka naszego liceum sk\u0142ada si\u0119 z&nbsp;wypo\u017cyczalni i&nbsp;czytelni. Ksi\u0119gozbi\u00f3r g\u0142\u00f3wny, licz\u0105cy ponad 10 tysi\u0119cy ksi\u0105\u017cek, obejmuje: lektury, literatur\u0119 pi\u0119kn\u0105, literatur\u0119 popularnonaukow\u0105, literatur\u0119 obcoj\u0119zyczn\u0105 (w&nbsp;j\u0119zykach oryginalnych). Czytelnia oferuje: ksi\u0119gozbi\u00f3r podr\u0119czny (encyklopedie, s\u0142owniki, [&hellip;]\" \/>\n<meta property=\"og:url\" content=\"https:\/\/2liceum.eu\/index.php\/biblioteka\/\" \/>\n<meta property=\"og:site_name\" content=\"II Liceum Og\u00f3lnokszta\u0142c\u0105ce w Lubinie\" \/>\n<meta property=\"article:publisher\" content=\"https:\/\/web.facebook.com\/IILOLubin\/\" \/>\n<meta property=\"article:modified_time\" content=\"2026-01-23T09:09:34+00:00\" \/>\n<meta property=\"og:image\" content=\"http:\/\/2liceum.eu\/wp-content\/uploads\/2018\/01\/logo_biblioteka-300x77.jpg\" \/>\n<meta name=\"twitter:card\" content=\"summary_large_image\" \/>\n<meta name=\"twitter:label1\" content=\"Szacowany czas czytania\" \/>\n\t<meta name=\"twitter:data1\" content=\"1 minuta\" \/>\n<script type=\"application\/ld+json\" class=\"yoast-schema-graph\">{\"@context\":\"https:\/\/schema.org\",\"@graph\":[{\"@type\":\"Organization\",\"@id\":\"https:\/\/2liceum.eu\/#organization\",\"name\":\"II Liceum Og\u00f3lnokszta\u0142c\u0105ce w Lubinie\",\"url\":\"https:\/\/2liceum.eu\/\",\"sameAs\":[\"http:\/\/2lolubin\",\"https:\/\/www.youtube.com\/channel\/UCWjEMxRJYdfvxPhVOn-8g_g\",\"https:\/\/web.facebook.com\/IILOLubin\/\"],\"logo\":{\"@type\":\"ImageObject\",\"inLanguage\":\"pl-PL\",\"@id\":\"https:\/\/2liceum.eu\/#\/schema\/logo\/image\/\",\"url\":\"https:\/\/2liceum.eu\/wp-content\/uploads\/2018\/01\/pobrane.jpg\",\"contentUrl\":\"https:\/\/2liceum.eu\/wp-content\/uploads\/2018\/01\/pobrane.jpg\",\"width\":184,\"height\":183,\"caption\":\"II Liceum Og\u00f3lnokszta\u0142c\u0105ce w Lubinie\"},\"image\":{\"@id\":\"https:\/\/2liceum.eu\/#\/schema\/logo\/image\/\"}},{\"@type\":\"WebSite\",\"@id\":\"https:\/\/2liceum.eu\/#website\",\"url\":\"https:\/\/2liceum.eu\/\",\"name\":\"II Liceum Og\u00f3lnokszta\u0142c\u0105ce w Lubinie\",\"description\":\"Oficjalny portal II LO w Lubinie. Informacje o szkole, kadrze, zaj\u0119ciach dydaktycznych, ko\u0142ach zainteresowa\u0144, wolontariacie. Aktualno\u015bci. Galeria zdj\u0119\u0107.\",\"publisher\":{\"@id\":\"https:\/\/2liceum.eu\/#organization\"},\"potentialAction\":[{\"@type\":\"SearchAction\",\"target\":{\"@type\":\"EntryPoint\",\"urlTemplate\":\"https:\/\/2liceum.eu\/?s={search_term_string}\"},\"query-input\":\"required name=search_term_string\"}],\"inLanguage\":\"pl-PL\"},{\"@type\":\"WebPage\",\"@id\":\"https:\/\/2liceum.eu\/index.php\/biblioteka\/\",\"url\":\"https:\/\/2liceum.eu\/index.php\/biblioteka\/\",\"name\":\"Biblioteka - II Liceum Og\u00f3lnokszta\u0142c\u0105ce w Lubinie\",\"isPartOf\":{\"@id\":\"https:\/\/2liceum.eu\/#website\"},\"datePublished\":\"2017-12-21T08:17:33+00:00\",\"dateModified\":\"2026-01-23T09:09:34+00:00\",\"breadcrumb\":{\"@id\":\"https:\/\/2liceum.eu\/index.php\/biblioteka\/#breadcrumb\"},\"inLanguage\":\"pl-PL\",\"potentialAction\":[{\"@type\":\"ReadAction\",\"target\":[\"https:\/\/2liceum.eu\/index.php\/biblioteka\/\"]}]},{\"@type\":\"BreadcrumbList\",\"@id\":\"https:\/\/2liceum.eu\/index.php\/biblioteka\/#breadcrumb\",\"itemListElement\":[{\"@type\":\"ListItem\",\"position\":1,\"name\":\"Strona g\u0142\u00f3wna\",\"item\":\"https:\/\/2liceum.eu\/\"},{\"@type\":\"ListItem\",\"position\":2,\"name\":\"Biblioteka\"}]}]}<\/script>\n<!-- \/ Yoast SEO plugin. -->","yoast_head_json":{"title":"Biblioteka - II Liceum Og\u00f3lnokszta\u0142c\u0105ce w Lubinie","robots":{"index":"index","follow":"follow","max-snippet":"max-snippet:-1","max-image-preview":"max-image-preview:large","max-video-preview":"max-video-preview:-1"},"canonical":"https:\/\/2liceum.eu\/index.php\/biblioteka\/","og_locale":"pl_PL","og_type":"article","og_title":"Biblioteka - II Liceum Og\u00f3lnokszta\u0142c\u0105ce w Lubinie","og_description":"&nbsp; &nbsp; &nbsp; &nbsp; &nbsp; &nbsp; &nbsp; &nbsp; &nbsp; &nbsp;&nbsp;&nbsp;&nbsp;&nbsp;&nbsp; Poniedzia\u0142ek &nbsp;7:45-13:45 Wtorek &nbsp;7:45-12:45 \u015aroda &nbsp;7:45-12:45 Czwartek &nbsp;7:45-12:45 Pi\u0105tek &nbsp;7:45-12:45 &nbsp; &nbsp; &nbsp; &nbsp; &nbsp; Biblioteka naszego liceum sk\u0142ada si\u0119 z&nbsp;wypo\u017cyczalni i&nbsp;czytelni. Ksi\u0119gozbi\u00f3r g\u0142\u00f3wny, licz\u0105cy ponad 10 tysi\u0119cy ksi\u0105\u017cek, obejmuje: lektury, literatur\u0119 pi\u0119kn\u0105, literatur\u0119 popularnonaukow\u0105, literatur\u0119 obcoj\u0119zyczn\u0105 (w&nbsp;j\u0119zykach oryginalnych). Czytelnia oferuje: ksi\u0119gozbi\u00f3r podr\u0119czny (encyklopedie, s\u0142owniki, [&hellip;]","og_url":"https:\/\/2liceum.eu\/index.php\/biblioteka\/","og_site_name":"II Liceum Og\u00f3lnokszta\u0142c\u0105ce w Lubinie","article_publisher":"https:\/\/web.facebook.com\/IILOLubin\/","article_modified_time":"2026-01-23T09:09:34+00:00","og_image":[{"url":"http:\/\/2liceum.eu\/wp-content\/uploads\/2018\/01\/logo_biblioteka-300x77.jpg"}],"twitter_card":"summary_large_image","twitter_misc":{"Szacowany czas czytania":"1 minuta"},"schema":{"@context":"https:\/\/schema.org","@graph":[{"@type":"Organization","@id":"https:\/\/2liceum.eu\/#organization","name":"II Liceum Og\u00f3lnokszta\u0142c\u0105ce w Lubinie","url":"https:\/\/2liceum.eu\/","sameAs":["http:\/\/2lolubin","https:\/\/www.youtube.com\/channel\/UCWjEMxRJYdfvxPhVOn-8g_g","https:\/\/web.facebook.com\/IILOLubin\/"],"logo":{"@type":"ImageObject","inLanguage":"pl-PL","@id":"https:\/\/2liceum.eu\/#\/schema\/logo\/image\/","url":"https:\/\/2liceum.eu\/wp-content\/uploads\/2018\/01\/pobrane.jpg","contentUrl":"https:\/\/2liceum.eu\/wp-content\/uploads\/2018\/01\/pobrane.jpg","width":184,"height":183,"caption":"II Liceum Og\u00f3lnokszta\u0142c\u0105ce w Lubinie"},"image":{"@id":"https:\/\/2liceum.eu\/#\/schema\/logo\/image\/"}},{"@type":"WebSite","@id":"https:\/\/2liceum.eu\/#website","url":"https:\/\/2liceum.eu\/","name":"II Liceum Og\u00f3lnokszta\u0142c\u0105ce w Lubinie","description":"Oficjalny portal II LO w Lubinie. Informacje o szkole, kadrze, zaj\u0119ciach dydaktycznych, ko\u0142ach zainteresowa\u0144, wolontariacie. Aktualno\u015bci. Galeria zdj\u0119\u0107.","publisher":{"@id":"https:\/\/2liceum.eu\/#organization"},"potentialAction":[{"@type":"SearchAction","target":{"@type":"EntryPoint","urlTemplate":"https:\/\/2liceum.eu\/?s={search_term_string}"},"query-input":"required name=search_term_string"}],"inLanguage":"pl-PL"},{"@type":"WebPage","@id":"https:\/\/2liceum.eu\/index.php\/biblioteka\/","url":"https:\/\/2liceum.eu\/index.php\/biblioteka\/","name":"Biblioteka - II Liceum Og\u00f3lnokszta\u0142c\u0105ce w Lubinie","isPartOf":{"@id":"https:\/\/2liceum.eu\/#website"},"datePublished":"2017-12-21T08:17:33+00:00","dateModified":"2026-01-23T09:09:34+00:00","breadcrumb":{"@id":"https:\/\/2liceum.eu\/index.php\/biblioteka\/#breadcrumb"},"inLanguage":"pl-PL","potentialAction":[{"@type":"ReadAction","target":["https:\/\/2liceum.eu\/index.php\/biblioteka\/"]}]},{"@type":"BreadcrumbList","@id":"https:\/\/2liceum.eu\/index.php\/biblioteka\/#breadcrumb","itemListElement":[{"@type":"ListItem","position":1,"name":"Strona g\u0142\u00f3wna","item":"https:\/\/2liceum.eu\/"},{"@type":"ListItem","position":2,"name":"Biblioteka"}]}]}},"_links":{"self":[{"href":"https:\/\/2liceum.eu\/index.php\/wp-json\/wp\/v2\/pages\/162","targetHints":{"allow":["GET"]}}],"collection":[{"href":"https:\/\/2liceum.eu\/index.php\/wp-json\/wp\/v2\/pages"}],"about":[{"href":"https:\/\/2liceum.eu\/index.php\/wp-json\/wp\/v2\/types\/page"}],"author":[{"embeddable":true,"href":"https:\/\/2liceum.eu\/index.php\/wp-json\/wp\/v2\/users\/2"}],"replies":[{"embeddable":true,"href":"https:\/\/2liceum.eu\/index.php\/wp-json\/wp\/v2\/comments?post=162"}],"version-history":[{"count":23,"href":"https:\/\/2liceum.eu\/index.php\/wp-json\/wp\/v2\/pages\/162\/revisions"}],"predecessor-version":[{"id":12033,"href":"https:\/\/2liceum.eu\/index.php\/wp-json\/wp\/v2\/pages\/162\/revisions\/12033"}],"wp:attachment":[{"href":"https:\/\/2liceum.eu\/index.php\/wp-json\/wp\/v2\/media?parent=162"}],"curies":[{"name":"wp","href":"https:\/\/api.w.org\/{rel}","templated":true}]}}