{"id":168,"date":"2017-12-21T09:18:06","date_gmt":"2017-12-21T08:18:06","guid":{"rendered":"http:\/\/2liceum.eu\/?page_id=168"},"modified":"2022-09-14T10:25:28","modified_gmt":"2022-09-14T08:25:28","slug":"wolontariat","status":"publish","type":"page","link":"https:\/\/2liceum.eu\/index.php\/wolontariat\/","title":{"rendered":"Wolontariat"},"content":{"rendered":"<p>&nbsp;<\/p>\n<p>&nbsp;<\/p>\n<p><center><img loading=\"lazy\" decoding=\"async\" src=\"http:\/\/2liceum.eu\/images\/phocagallery\/wolontariat\/logo_wolontariat.jpg\" alt=\"\" width=\"676\" height=\"179\"><\/center>&nbsp;<\/p>\n<p>&nbsp;<\/p>\n<div style=\"text-align: justify;\">\n<p><span style=\"font-family: arial,helvetica,sans-serif;\"><img loading=\"lazy\" decoding=\"async\" style=\"margin-left: 10px; margin-top: 10px; margin-bottom: 10px; float: right;\" src=\"http:\/\/3.bp.blogspot.com\/_MIdOawRMBQc\/TCyfwpDC_MI\/AAAAAAAAAB8\/iiARdXyHqrA\/s320\/wolontariat150.jpg10\" alt=\"\" width=\"106\" height=\"106\"><\/span><span style=\"font-family: arial,helvetica,sans-serif;\"><strong><span class=\"initial\">W<\/span>olontariat<\/strong> to dobrowolne i nieodp\u0142atne dzia\u0142ania, \u015bwiadczone na rzecz innych, wykraczaj\u0105ce poza wi\u0119zi <\/span><span style=\"font-family: arial,helvetica,sans-serif;\">rodzi<\/span><span style=\"font-family: arial,helvetica,sans-serif;\">nne i kole\u017ce\u0144skie. Wolontariuszem mo\u017ce by\u0107 ka\u017cdy, bez wzgl\u0119du na zaj\u0119cia, p\u0142e\u0107, narodowo\u015b\u0107 czy wiek. Mo\u017cesz sta\u0107 si\u0119 nim i ty.<\/span><\/p>\n<\/div>\n<p style=\"text-align: justify;\">W naszej szkole istniej\u0105 r\u00f3\u017cne form wolontariatu. Mo\u017cemy podzieli\u0107 prac\u0119 wolontariuszy wed\u0142ug kilku kryteri\u00f3w. Bior\u0105c pod uwag\u0119 przedzia\u0142 czasu wykonywania pracy przez wolontariusza b\u0119dziemy m\u00f3wi\u0107 o wolontariacie d\u0142ugotrwa\u0142ym lub akcyjnym. Wewn\u0105trz tego ostatniego istniej\u0105 dwie formy dzia\u0142a\u0144: jednorazowy udzia\u0142 w akcji lub cykliczne jej wspieranie.<\/p>\n<p style=\"text-align: justify;\">Praca, jaka mo\u017ce wykonywa\u0107 wolontariusz, jest najcz\u0119\u015bciej zwi\u0105zana z indywidualnymi umiej\u0119tno\u015bciami i upodobaniami. Wolontariat niesie korzy\u015bci nie tylko dla organizacji, ale tak\u017ce dla samego wolontariusza.<\/p>\n<p style=\"text-align: justify;\">&nbsp;<\/p>\n<p style=\"text-align: justify;\"><span style=\"text-decoration: underline;\">Wolontariat to szansa, aby:<\/span><\/p>\n<div style=\"text-align: justify;\">\n<ul>\n<li>Zdoby\u0107 nowe do\u015bwiadczenie,<\/li>\n<\/ul>\n<ul>\n<li>Zawrze\u0107 interesuj\u0105ce znajomo\u015bci,<\/li>\n<\/ul>\n<ul>\n<li>Pracowa\u0107 w ciekawym zespole,<\/li>\n<\/ul>\n<ul>\n<li>Mie\u0107 satysfakcj\u0119 z w\u0142asnej pracy,<\/li>\n<\/ul>\n<ul>\n<li>Realizowa\u0107 si\u0119 w niej i rozwija\u0107,<\/li>\n<\/ul>\n<ul>\n<li>Mie\u0107 poczucie bycia cz\u0119\u015bci\u0105 wa\u017cnego dzie\u0142a,<\/li>\n<\/ul>\n<ul>\n<li>Mie\u0107 bezpo\u015bredni kontakt z potrzebuj\u0105cymi,<\/li>\n<\/ul>\n<ul>\n<li>Wykorzysta\u0107 swoje umiej\u0119tno\u015bci w praktyce i zdoby\u0107 nowe,<\/li>\n<\/ul>\n<ul>\n<li>Pozna\u0107 swoje mocne i s\u0142abe strony,<\/li>\n<\/ul>\n<ul>\n<li>Prze\u017cy\u0107 przygod\u0119 \u017cycia,<\/li>\n<\/ul>\n<p>&#8230; Wymienia\u0107 mo\u017cna w niesko\u0144czono\u015b\u0107 &#8230;<\/p>\n<\/div>\n<p>&nbsp;<\/p>\n<p class=\"MsoNormal\"><span style=\"color: #ff0000;\"><strong>Dla ka\u017cdego z nas wolontariat to wyj\u0105tkowe i niezapomniane do\u015bwiadczenie!<\/strong><\/span><\/p>\n<p class=\"MsoNormal\">Zobacz jakie propozycje mamy dla Ciebie<\/p>\n<ul>\n<li>Wolontariat hospicyjny akcyjny<\/li>\n<li>Wolontariat os\u00f3b przewlekle chorych i niepe\u0142nosprawnych<\/li>\n<li>Wolontariat misyjny<\/li>\n<li>r\u00f3\u017cne akcje zwi\u0105zane z oferowaniem pomocy osobom potrzebuj\u0105cym.<\/li>\n<\/ul>\n<p>&nbsp;<\/p>\n<p><span style=\"color: #ff0000;\"><strong>WSP\u00d3\u0141PRACUJEMY Z:<\/strong><\/span><\/p>\n<ul>\n<li>Hospicjum w Lubinie<\/li>\n<li>Zak\u0142adem Piel\u0119gnacyjno &#8211; Opieku\u0144czym (RCZ, ul. J. Bema 5-6, Lubin)<\/li>\n<li>Zespo\u0142em Szk\u00f3\u0142 i Plac\u00f3wek O\u015bwiatowych w Lubinie<\/li>\n<li>Zespo\u0142em Szk\u00f3\u0142 Integracyjnych w Lubinie<\/li>\n<\/ul>\n<p class=\"MsoNormal\" style=\"text-align: center;\"><em><span style=\"font-size: 12pt;\">&nbsp;<\/span><\/em><\/p>\n<p class=\"MsoNormal\" style=\"text-align: center;\"><span style=\"color: #ff0000;\"><strong><em><span style=\"font-size: 12pt;\">Daj si\u0119 zarazi\u0107 entuzjazmem i zr\u00f3b co\u015b dla kogo\u015b, kto Ci\u0119 potrzebuje!<\/span><\/em><\/strong><\/span><\/p>\n<p class=\"MsoNormal\">&nbsp;<\/p>\n<p>Szczeg\u00f3\u0142owe informacje na temat dzia\u0142a\u0144 wolontariatu w bie\u017c\u0105cym roku szkolnym mo\u017cna zaczerpn\u0105\u0107 u Opiekuna &#8211; Ks. Marka Majewskiego.<\/p>\n<p>&nbsp;&nbsp;<\/p>\n","protected":false},"excerpt":{"rendered":"<p>&nbsp; &nbsp; &nbsp; &nbsp; Wolontariat to dobrowolne i nieodp\u0142atne dzia\u0142ania, \u015bwiadczone na rzecz innych, wykraczaj\u0105ce poza wi\u0119zi rodzinne i kole\u017ce\u0144skie. Wolontariuszem mo\u017ce by\u0107 ka\u017cdy, bez wzgl\u0119du na zaj\u0119cia, p\u0142e\u0107, narodowo\u015b\u0107 czy wiek. Mo\u017cesz sta\u0107 si\u0119 nim i ty. W naszej szkole istniej\u0105 r\u00f3\u017cne form wolontariatu. Mo\u017cemy podzieli\u0107 prac\u0119 wolontariuszy wed\u0142ug kilku kryteri\u00f3w. Bior\u0105c pod uwag\u0119 [&hellip;]<\/p>\n","protected":false},"author":2,"featured_media":0,"parent":0,"menu_order":0,"comment_status":"closed","ping_status":"closed","template":"","meta":{"ngg_post_thumbnail":0,"footnotes":""},"class_list":["post-168","page","type-page","status-publish","hentry"],"yoast_head":"<!-- This site is optimized with the Yoast SEO plugin v19.4 - https:\/\/yoast.com\/wordpress\/plugins\/seo\/ -->\n<title>Wolontariat - II Liceum Og\u00f3lnokszta\u0142c\u0105ce w Lubinie<\/title>\n<meta name=\"robots\" content=\"index, follow, max-snippet:-1, max-image-preview:large, max-video-preview:-1\" \/>\n<link rel=\"canonical\" href=\"https:\/\/2liceum.eu\/index.php\/wolontariat\/\" \/>\n<meta property=\"og:locale\" content=\"pl_PL\" \/>\n<meta property=\"og:type\" content=\"article\" \/>\n<meta property=\"og:title\" content=\"Wolontariat - II Liceum Og\u00f3lnokszta\u0142c\u0105ce w Lubinie\" \/>\n<meta property=\"og:description\" content=\"&nbsp; &nbsp; &nbsp; &nbsp; Wolontariat to dobrowolne i nieodp\u0142atne dzia\u0142ania, \u015bwiadczone na rzecz innych, wykraczaj\u0105ce poza wi\u0119zi rodzinne i kole\u017ce\u0144skie. Wolontariuszem mo\u017ce by\u0107 ka\u017cdy, bez wzgl\u0119du na zaj\u0119cia, p\u0142e\u0107, narodowo\u015b\u0107 czy wiek. Mo\u017cesz sta\u0107 si\u0119 nim i ty. W naszej szkole istniej\u0105 r\u00f3\u017cne form wolontariatu. Mo\u017cemy podzieli\u0107 prac\u0119 wolontariuszy wed\u0142ug kilku kryteri\u00f3w. Bior\u0105c pod uwag\u0119 [&hellip;]\" \/>\n<meta property=\"og:url\" content=\"https:\/\/2liceum.eu\/index.php\/wolontariat\/\" \/>\n<meta property=\"og:site_name\" content=\"II Liceum Og\u00f3lnokszta\u0142c\u0105ce w Lubinie\" \/>\n<meta property=\"article:publisher\" content=\"https:\/\/web.facebook.com\/IILOLubin\/\" \/>\n<meta property=\"article:modified_time\" content=\"2022-09-14T08:25:28+00:00\" \/>\n<meta property=\"og:image\" content=\"http:\/\/2liceum.eu\/images\/phocagallery\/wolontariat\/logo_wolontariat.jpg\" \/>\n<meta name=\"twitter:card\" content=\"summary_large_image\" \/>\n<meta name=\"twitter:label1\" content=\"Szacowany czas czytania\" \/>\n\t<meta name=\"twitter:data1\" content=\"2 minuty\" \/>\n<script type=\"application\/ld+json\" class=\"yoast-schema-graph\">{\"@context\":\"https:\/\/schema.org\",\"@graph\":[{\"@type\":\"Organization\",\"@id\":\"https:\/\/2liceum.eu\/#organization\",\"name\":\"II Liceum Og\u00f3lnokszta\u0142c\u0105ce w Lubinie\",\"url\":\"https:\/\/2liceum.eu\/\",\"sameAs\":[\"http:\/\/2lolubin\",\"https:\/\/www.youtube.com\/channel\/UCWjEMxRJYdfvxPhVOn-8g_g\",\"https:\/\/web.facebook.com\/IILOLubin\/\"],\"logo\":{\"@type\":\"ImageObject\",\"inLanguage\":\"pl-PL\",\"@id\":\"https:\/\/2liceum.eu\/#\/schema\/logo\/image\/\",\"url\":\"https:\/\/2liceum.eu\/wp-content\/uploads\/2018\/01\/pobrane.jpg\",\"contentUrl\":\"https:\/\/2liceum.eu\/wp-content\/uploads\/2018\/01\/pobrane.jpg\",\"width\":184,\"height\":183,\"caption\":\"II Liceum Og\u00f3lnokszta\u0142c\u0105ce w Lubinie\"},\"image\":{\"@id\":\"https:\/\/2liceum.eu\/#\/schema\/logo\/image\/\"}},{\"@type\":\"WebSite\",\"@id\":\"https:\/\/2liceum.eu\/#website\",\"url\":\"https:\/\/2liceum.eu\/\",\"name\":\"II Liceum Og\u00f3lnokszta\u0142c\u0105ce w Lubinie\",\"description\":\"Oficjalny portal II LO w Lubinie. Informacje o szkole, kadrze, zaj\u0119ciach dydaktycznych, ko\u0142ach zainteresowa\u0144, wolontariacie. Aktualno\u015bci. Galeria zdj\u0119\u0107.\",\"publisher\":{\"@id\":\"https:\/\/2liceum.eu\/#organization\"},\"potentialAction\":[{\"@type\":\"SearchAction\",\"target\":{\"@type\":\"EntryPoint\",\"urlTemplate\":\"https:\/\/2liceum.eu\/?s={search_term_string}\"},\"query-input\":\"required name=search_term_string\"}],\"inLanguage\":\"pl-PL\"},{\"@type\":\"WebPage\",\"@id\":\"https:\/\/2liceum.eu\/index.php\/wolontariat\/\",\"url\":\"https:\/\/2liceum.eu\/index.php\/wolontariat\/\",\"name\":\"Wolontariat - II Liceum Og\u00f3lnokszta\u0142c\u0105ce w Lubinie\",\"isPartOf\":{\"@id\":\"https:\/\/2liceum.eu\/#website\"},\"datePublished\":\"2017-12-21T08:18:06+00:00\",\"dateModified\":\"2022-09-14T08:25:28+00:00\",\"breadcrumb\":{\"@id\":\"https:\/\/2liceum.eu\/index.php\/wolontariat\/#breadcrumb\"},\"inLanguage\":\"pl-PL\",\"potentialAction\":[{\"@type\":\"ReadAction\",\"target\":[\"https:\/\/2liceum.eu\/index.php\/wolontariat\/\"]}]},{\"@type\":\"BreadcrumbList\",\"@id\":\"https:\/\/2liceum.eu\/index.php\/wolontariat\/#breadcrumb\",\"itemListElement\":[{\"@type\":\"ListItem\",\"position\":1,\"name\":\"Strona g\u0142\u00f3wna\",\"item\":\"https:\/\/2liceum.eu\/\"},{\"@type\":\"ListItem\",\"position\":2,\"name\":\"Wolontariat\"}]}]}<\/script>\n<!-- \/ Yoast SEO plugin. -->","yoast_head_json":{"title":"Wolontariat - II Liceum Og\u00f3lnokszta\u0142c\u0105ce w Lubinie","robots":{"index":"index","follow":"follow","max-snippet":"max-snippet:-1","max-image-preview":"max-image-preview:large","max-video-preview":"max-video-preview:-1"},"canonical":"https:\/\/2liceum.eu\/index.php\/wolontariat\/","og_locale":"pl_PL","og_type":"article","og_title":"Wolontariat - II Liceum Og\u00f3lnokszta\u0142c\u0105ce w Lubinie","og_description":"&nbsp; &nbsp; &nbsp; &nbsp; Wolontariat to dobrowolne i nieodp\u0142atne dzia\u0142ania, \u015bwiadczone na rzecz innych, wykraczaj\u0105ce poza wi\u0119zi rodzinne i kole\u017ce\u0144skie. Wolontariuszem mo\u017ce by\u0107 ka\u017cdy, bez wzgl\u0119du na zaj\u0119cia, p\u0142e\u0107, narodowo\u015b\u0107 czy wiek. Mo\u017cesz sta\u0107 si\u0119 nim i ty. W naszej szkole istniej\u0105 r\u00f3\u017cne form wolontariatu. Mo\u017cemy podzieli\u0107 prac\u0119 wolontariuszy wed\u0142ug kilku kryteri\u00f3w. Bior\u0105c pod uwag\u0119 [&hellip;]","og_url":"https:\/\/2liceum.eu\/index.php\/wolontariat\/","og_site_name":"II Liceum Og\u00f3lnokszta\u0142c\u0105ce w Lubinie","article_publisher":"https:\/\/web.facebook.com\/IILOLubin\/","article_modified_time":"2022-09-14T08:25:28+00:00","og_image":[{"url":"http:\/\/2liceum.eu\/images\/phocagallery\/wolontariat\/logo_wolontariat.jpg"}],"twitter_card":"summary_large_image","twitter_misc":{"Szacowany czas czytania":"2 minuty"},"schema":{"@context":"https:\/\/schema.org","@graph":[{"@type":"Organization","@id":"https:\/\/2liceum.eu\/#organization","name":"II Liceum Og\u00f3lnokszta\u0142c\u0105ce w Lubinie","url":"https:\/\/2liceum.eu\/","sameAs":["http:\/\/2lolubin","https:\/\/www.youtube.com\/channel\/UCWjEMxRJYdfvxPhVOn-8g_g","https:\/\/web.facebook.com\/IILOLubin\/"],"logo":{"@type":"ImageObject","inLanguage":"pl-PL","@id":"https:\/\/2liceum.eu\/#\/schema\/logo\/image\/","url":"https:\/\/2liceum.eu\/wp-content\/uploads\/2018\/01\/pobrane.jpg","contentUrl":"https:\/\/2liceum.eu\/wp-content\/uploads\/2018\/01\/pobrane.jpg","width":184,"height":183,"caption":"II Liceum Og\u00f3lnokszta\u0142c\u0105ce w Lubinie"},"image":{"@id":"https:\/\/2liceum.eu\/#\/schema\/logo\/image\/"}},{"@type":"WebSite","@id":"https:\/\/2liceum.eu\/#website","url":"https:\/\/2liceum.eu\/","name":"II Liceum Og\u00f3lnokszta\u0142c\u0105ce w Lubinie","description":"Oficjalny portal II LO w Lubinie. Informacje o szkole, kadrze, zaj\u0119ciach dydaktycznych, ko\u0142ach zainteresowa\u0144, wolontariacie. Aktualno\u015bci. Galeria zdj\u0119\u0107.","publisher":{"@id":"https:\/\/2liceum.eu\/#organization"},"potentialAction":[{"@type":"SearchAction","target":{"@type":"EntryPoint","urlTemplate":"https:\/\/2liceum.eu\/?s={search_term_string}"},"query-input":"required name=search_term_string"}],"inLanguage":"pl-PL"},{"@type":"WebPage","@id":"https:\/\/2liceum.eu\/index.php\/wolontariat\/","url":"https:\/\/2liceum.eu\/index.php\/wolontariat\/","name":"Wolontariat - II Liceum Og\u00f3lnokszta\u0142c\u0105ce w Lubinie","isPartOf":{"@id":"https:\/\/2liceum.eu\/#website"},"datePublished":"2017-12-21T08:18:06+00:00","dateModified":"2022-09-14T08:25:28+00:00","breadcrumb":{"@id":"https:\/\/2liceum.eu\/index.php\/wolontariat\/#breadcrumb"},"inLanguage":"pl-PL","potentialAction":[{"@type":"ReadAction","target":["https:\/\/2liceum.eu\/index.php\/wolontariat\/"]}]},{"@type":"BreadcrumbList","@id":"https:\/\/2liceum.eu\/index.php\/wolontariat\/#breadcrumb","itemListElement":[{"@type":"ListItem","position":1,"name":"Strona g\u0142\u00f3wna","item":"https:\/\/2liceum.eu\/"},{"@type":"ListItem","position":2,"name":"Wolontariat"}]}]}},"_links":{"self":[{"href":"https:\/\/2liceum.eu\/index.php\/wp-json\/wp\/v2\/pages\/168","targetHints":{"allow":["GET"]}}],"collection":[{"href":"https:\/\/2liceum.eu\/index.php\/wp-json\/wp\/v2\/pages"}],"about":[{"href":"https:\/\/2liceum.eu\/index.php\/wp-json\/wp\/v2\/types\/page"}],"author":[{"embeddable":true,"href":"https:\/\/2liceum.eu\/index.php\/wp-json\/wp\/v2\/users\/2"}],"replies":[{"embeddable":true,"href":"https:\/\/2liceum.eu\/index.php\/wp-json\/wp\/v2\/comments?post=168"}],"version-history":[{"count":7,"href":"https:\/\/2liceum.eu\/index.php\/wp-json\/wp\/v2\/pages\/168\/revisions"}],"predecessor-version":[{"id":7501,"href":"https:\/\/2liceum.eu\/index.php\/wp-json\/wp\/v2\/pages\/168\/revisions\/7501"}],"wp:attachment":[{"href":"https:\/\/2liceum.eu\/index.php\/wp-json\/wp\/v2\/media?parent=168"}],"curies":[{"name":"wp","href":"https:\/\/api.w.org\/{rel}","templated":true}]}}