{"id":93,"date":"2017-11-07T22:17:33","date_gmt":"2017-11-07T21:17:33","guid":{"rendered":"http:\/\/2liceum.eu\/?page_id=93"},"modified":"2020-09-14T12:31:19","modified_gmt":"2020-09-14T10:31:19","slug":"absolwenci","status":"publish","type":"page","link":"https:\/\/2liceum.eu\/index.php\/o-szkole\/absolwenci\/","title":{"rendered":"Absolwenci"},"content":{"rendered":"<p style=\"text-align: justify;\"><img decoding=\"async\" class=\"image-right alignright\" src=\"http:\/\/2liceum.eu\/images\/articles\/strony_informacyjne\/o_szkole\/14.jpg\"><span style=\"font-size: 12pt; color: #008000;\"><strong><span class=\"initial\">W<\/span><\/strong><\/span> ci\u0105gu ponad dwudziestu lat mury naszej szko\u0142y opu\u015bci\u0142o ponad 5.000 absolwent\u00f3w. Wi\u0119kszo\u015b\u0107 z nich podj\u0119\u0142a studia wy\u017csze.<\/p>\n<p style=\"text-align: justify;\">Nasi absolwenci pracuj\u0105 w r\u00f3\u017cnorodnych zawodach, pe\u0142ni\u0105 odpowiedzialne funkcje i s\u0105 \u017cywym dowodem jako\u015bci kszta\u0142cenia w lubi\u0144skim II LO.<\/p>\n<p>&nbsp;<\/p>\n<p style=\"text-align: justify;\"><span style=\"text-decoration: underline;\"><strong>Oto sylwetki niekt\u00f3rych z nich:<\/strong><\/span><\/p>\n<p class=\"MsoNormal\" style=\"text-align: justify;\"><span style=\"color: #008000;\"><strong>Maciej Barys<\/strong><\/span>, dr nauk chemicznych o specjalno\u015bci \u201echemia organiczna\u201d, pozyska\u0142 grant unijny&nbsp; \u201eNowe antybiotyki na bazie hemiaminali\u201d (Europejski Instytut Technologiczny, EIT+). W swojej syntezie organicznej otrzyma\u0142 zwi\u0105zek, kt\u00f3ry w podr\u0119cznikach by\u0142 opisywany jako mog\u0105cy istnie\u0107 tylko teoretycznie.<\/p>\n<hr>\n<p class=\"MsoNormal\" style=\"text-align: justify;\"><span style=\"color: #008000;\"><strong>Piotr Durlak<\/strong>,<\/span> dr hab. nauk chemicznych, zajmuje si\u0119 szeroko poj\u0119t\u0105 chemi\u0105 teoretyczn\u0105 i kwantow\u0105. Jest jednym z kilkunastu specjalist\u00f3w stosuj\u0105cych metody CPMD i PIMD na \u015bwiecie. Gdy zaczyna\u0142 stosowa\u0107 t\u0119 metod\u0119, na \u015bwiecie by\u0142o kilka os\u00f3b j\u0105 znaj\u0105cych, wliczaj\u0105c w to tw\u00f3rc\u00f3w samego programu. Obecnie prowadzi badania nad ruchem protonu w wi\u0105zaniach wodorowych, ze szczeg\u00f3lnym uwzgl\u0119dnieniem wi\u0105za\u0144 typu RAHB, wyst\u0119puj\u0105cych w kryszta\u0142ach molekularnych.<\/p>\n<hr>\n<p class=\"MsoNormal\" style=\"text-align: justify;\"><span style=\"color: #008000;\"><strong>Joanna Zimna<\/strong><\/span>, germanistka w 2 Liceum.<\/p>\n<hr>\n<p class=\"MsoNormal\" style=\"text-align: justify;\"><span style=\"color: #008000;\"><strong>Anna Kaglik<\/strong><\/span>, francuski doktorat w dziedzinie akwizycji j\u0119zykowej, nauczycielka j\u0119zyka francuskiego, wyk\u0142adowca na Uniwersytecie Paris8, uczestnik mi\u0119dzynarodowych konferencji badawczych.<\/p>\n<hr>\n<p class=\"MsoNormal\" style=\"text-align: justify;\"><span style=\"color: #008000;\"><strong>Natalia Bana\u015b<\/strong><\/span>, doktor Instytutu Prawa Cywilnego \u2013 Zak\u0142adu Post\u0119powania Cywilnego UWr, prowadzi w\u0142asn\u0105 kancelari\u0119 prawn\u0105, cz\u0142onek Zespo\u0142u Roboczego w MG przygotowuj\u0105cego za\u0142o\u017cenia do projektu ustawy \u2013 Prawo naftowe, t\u0142umacz podczas wyjazd\u00f3w do ChRL, autor publikacji ksi\u0105\u017ckowych \u201ePost\u0119powanie cywilne w pytaniach i odpowiedziach\u201d (2008) oraz \u201eKazusy z post\u0119powania cywilnego\u201d (2009) \u2013 wydanych przez znane w Polsce fachowe wydawnictwo&nbsp; &#8211; C.H. Beck.<\/p>\n<hr>\n<p class=\"MsoNormal\" style=\"text-align: justify;\"><strong><span style=\"color: #008000;\">Tomasz Pilarz<\/span><\/strong>, zawodnik taekwon-do, reprezentant szko\u0142y w mi\u0119dzyszkolnych konfrontacjach tanecznych, przedsi\u0119biorca.<\/p>\n<p class=\"MsoNormal\" style=\"text-align: justify;\">Reprezentant Polski Senior\u00f3w 1996 &#8211; 2003<\/p>\n<p class=\"MsoNormal\" style=\"text-align: justify;\">Z\u0142oty medal, tytu\u0142 mistrza Europy w walkach indywidualnych kategoria pow. 80 kg \u2013 Zrece, S\u0142owienia \u2013 01-03.05.1997 r.<\/p>\n<p class=\"MsoNormal\" style=\"text-align: justify;\">Z\u0142oty medal, tytu\u0142 mistrza Europy w walkach dru\u017cynowych \u2013 Riccione, W\u0142ochy \u2013 22.04 -25.04.1999 r.<\/p>\n<p class=\"MsoNormal\" style=\"text-align: justify;\">Z\u0142oty medal, tytu\u0142 mistrza \u015bwiata w walkach dru\u017cynowych \u2013 Buenos Aires, Argentyna \u2013 28.08 \u2013 05.09.1999 r.<\/p>\n<p class=\"MsoNormal\" style=\"text-align: justify;\">Z\u0142oty medal, tytu\u0142 mistrza Europy w walkach dru\u017cynowych \u2013 Edinburgh, Szkocja \u2013 11.05 -14.05.2000 r.<\/p>\n<p class=\"MsoNormal\" style=\"text-align: justify;\">Z\u0142oty medal, tytu\u0142 mistrza Europy w walkach dru\u017cynowych \u2013 Villajayosa, Hiszpania \u2013 26.04 \u2013 29.04.2001 r.<\/p>\n<p class=\"MsoNormal\" style=\"text-align: justify;\">Z\u0142oty medal, tytu\u0142 mistrza \u015bwiata w walkach dru\u017cynowych \u2013 Rimini, W\u0142ochy \u2013 03.07 \u2013 08.07.2001 r.<\/p>\n<p class=\"MsoNormal\" style=\"text-align: justify;\">Srebrny medal, tytu\u0142 wicemistrza Europy w walkach indywidualnych kategoria do 80 kg \u2013 Trebo\u0144, Czechy \u2013 03.05 \u2013 05.05.2002 r.<\/p>\n<p class=\"MsoNormal\" style=\"text-align: justify;\">Z\u0142oty medal, tytu\u0142 mistrza Europy w walkach dru\u017cynowych \u2013 Trebo\u0144, Czechy \u2013 03.05 \u2013&nbsp;&nbsp; 05.05.2002 r.<\/p>\n<p class=\"MsoNormal\" style=\"text-align: justify;\">Z\u0142oty medal, tytu\u0142 mistrza Europy w walkach dru\u017cynowych \u2013 Rijeka, Chorwacja \u2013 11.04 \u2013 13.04.2003 r.<\/p>\n<p class=\"MsoNormal\" style=\"text-align: justify;\">Z\u0142oty medal, tytu\u0142 mistrza \u015bwiata w walkach dru\u017cynowych \u2013 Warszawa, Polska \u2013 12.06. \u2013 15.06.2003 r.<\/p>\n<p class=\"MsoNormal\" style=\"text-align: justify;\">Mi\u0119dzynarodowy mistrz: Belgii, Niemiec, Holandii, W\u0142och. ( walki indywidualne, kategoria pow. 80 kg)<\/p>\n<p class=\"MsoNormal\" style=\"text-align: justify;\">Zwyci\u0119stwo w turniejach mi\u0119dzynarodowych \u2013 Viking Open ( Szwecja \u2013 walki indywidualne \u2013 kategoria do 80 kg, kategoria pow. 80 kg \u2013 w r\u00f3\u017cnych latach ), UK Open ( walki indywidualne kategoria pow. 80 kg)<\/p>\n<p class=\"MsoNormal\" style=\"text-align: justify;\">Mistrz Polski \u2013 walki indywidualne kategoria pow. 80 kg, Wicemistrz Polski \u2013 walki indywidualne kategoria pow. 80 kg<\/p>\n<p class=\"MsoNormal\" style=\"text-align: justify;\">Mistrz Polski w walkach dru\u017cynowych ( wraz z dru\u017cyn\u0105 KKSW Lubin \u2013 Pilarz Tomasz, Stawarz \u0141ukasz, J\u0119\u017cak Grzegorz, Szpich Micha\u0142, Chyra Rados\u0142aw, Golis Tomasz)<\/p>\n<hr>\n<p class=\"MsoNormal\" style=\"text-align: justify;\"><span style=\"color: #008000;\"><strong>Joanna Ziobrowska<\/strong><\/span>, absolwentka paryskiej Sorbony, wyk\u0142adowca literatury i historii Francji, wyk\u0142adowca j\u0119zyka francuskiego na Uniwersytecie Zielonog\u00f3rskim, organizatorka mi\u0119dzynarodowych konferencji naukowych.<\/p>\n","protected":false},"excerpt":{"rendered":"<p>W ci\u0105gu ponad dwudziestu lat mury naszej szko\u0142y opu\u015bci\u0142o ponad 5.000 absolwent\u00f3w. Wi\u0119kszo\u015b\u0107 z nich podj\u0119\u0142a studia wy\u017csze. Nasi absolwenci pracuj\u0105 w r\u00f3\u017cnorodnych zawodach, pe\u0142ni\u0105 odpowiedzialne funkcje i s\u0105 \u017cywym dowodem jako\u015bci kszta\u0142cenia w lubi\u0144skim II LO. &nbsp; Oto sylwetki niekt\u00f3rych z nich: Maciej Barys, dr nauk chemicznych o specjalno\u015bci \u201echemia organiczna\u201d, pozyska\u0142 grant unijny&nbsp; [&hellip;]<\/p>\n","protected":false},"author":1,"featured_media":0,"parent":76,"menu_order":0,"comment_status":"closed","ping_status":"closed","template":"","meta":{"ngg_post_thumbnail":0,"footnotes":""},"class_list":["post-93","page","type-page","status-publish","hentry"],"yoast_head":"<!-- This site is optimized with the Yoast SEO plugin v19.4 - https:\/\/yoast.com\/wordpress\/plugins\/seo\/ -->\n<title>Absolwenci - II Liceum Og\u00f3lnokszta\u0142c\u0105ce w Lubinie<\/title>\n<meta name=\"robots\" content=\"index, follow, max-snippet:-1, max-image-preview:large, max-video-preview:-1\" \/>\n<link rel=\"canonical\" href=\"https:\/\/2liceum.eu\/index.php\/o-szkole\/absolwenci\/\" \/>\n<meta property=\"og:locale\" content=\"pl_PL\" \/>\n<meta property=\"og:type\" content=\"article\" \/>\n<meta property=\"og:title\" content=\"Absolwenci - II Liceum Og\u00f3lnokszta\u0142c\u0105ce w Lubinie\" \/>\n<meta property=\"og:description\" content=\"W ci\u0105gu ponad dwudziestu lat mury naszej szko\u0142y opu\u015bci\u0142o ponad 5.000 absolwent\u00f3w. Wi\u0119kszo\u015b\u0107 z nich podj\u0119\u0142a studia wy\u017csze. Nasi absolwenci pracuj\u0105 w r\u00f3\u017cnorodnych zawodach, pe\u0142ni\u0105 odpowiedzialne funkcje i s\u0105 \u017cywym dowodem jako\u015bci kszta\u0142cenia w lubi\u0144skim II LO. &nbsp; Oto sylwetki niekt\u00f3rych z nich: Maciej Barys, dr nauk chemicznych o specjalno\u015bci \u201echemia organiczna\u201d, pozyska\u0142 grant unijny&nbsp; [&hellip;]\" \/>\n<meta property=\"og:url\" content=\"https:\/\/2liceum.eu\/index.php\/o-szkole\/absolwenci\/\" \/>\n<meta property=\"og:site_name\" content=\"II Liceum Og\u00f3lnokszta\u0142c\u0105ce w Lubinie\" \/>\n<meta property=\"article:publisher\" content=\"https:\/\/web.facebook.com\/IILOLubin\/\" \/>\n<meta property=\"article:modified_time\" content=\"2020-09-14T10:31:19+00:00\" \/>\n<meta property=\"og:image\" content=\"http:\/\/2liceum.eu\/images\/articles\/strony_informacyjne\/o_szkole\/14.jpg\" \/>\n<meta name=\"twitter:card\" content=\"summary_large_image\" \/>\n<meta name=\"twitter:label1\" content=\"Szacowany czas czytania\" \/>\n\t<meta name=\"twitter:data1\" content=\"3 minuty\" \/>\n<script type=\"application\/ld+json\" class=\"yoast-schema-graph\">{\"@context\":\"https:\/\/schema.org\",\"@graph\":[{\"@type\":\"Organization\",\"@id\":\"https:\/\/2liceum.eu\/#organization\",\"name\":\"II Liceum Og\u00f3lnokszta\u0142c\u0105ce w Lubinie\",\"url\":\"https:\/\/2liceum.eu\/\",\"sameAs\":[\"http:\/\/2lolubin\",\"https:\/\/www.youtube.com\/channel\/UCWjEMxRJYdfvxPhVOn-8g_g\",\"https:\/\/web.facebook.com\/IILOLubin\/\"],\"logo\":{\"@type\":\"ImageObject\",\"inLanguage\":\"pl-PL\",\"@id\":\"https:\/\/2liceum.eu\/#\/schema\/logo\/image\/\",\"url\":\"https:\/\/2liceum.eu\/wp-content\/uploads\/2018\/01\/pobrane.jpg\",\"contentUrl\":\"https:\/\/2liceum.eu\/wp-content\/uploads\/2018\/01\/pobrane.jpg\",\"width\":184,\"height\":183,\"caption\":\"II Liceum Og\u00f3lnokszta\u0142c\u0105ce w Lubinie\"},\"image\":{\"@id\":\"https:\/\/2liceum.eu\/#\/schema\/logo\/image\/\"}},{\"@type\":\"WebSite\",\"@id\":\"https:\/\/2liceum.eu\/#website\",\"url\":\"https:\/\/2liceum.eu\/\",\"name\":\"II Liceum Og\u00f3lnokszta\u0142c\u0105ce w Lubinie\",\"description\":\"Oficjalny portal II LO w Lubinie. Informacje o szkole, kadrze, zaj\u0119ciach dydaktycznych, ko\u0142ach zainteresowa\u0144, wolontariacie. Aktualno\u015bci. Galeria zdj\u0119\u0107.\",\"publisher\":{\"@id\":\"https:\/\/2liceum.eu\/#organization\"},\"potentialAction\":[{\"@type\":\"SearchAction\",\"target\":{\"@type\":\"EntryPoint\",\"urlTemplate\":\"https:\/\/2liceum.eu\/?s={search_term_string}\"},\"query-input\":\"required name=search_term_string\"}],\"inLanguage\":\"pl-PL\"},{\"@type\":\"WebPage\",\"@id\":\"https:\/\/2liceum.eu\/index.php\/o-szkole\/absolwenci\/\",\"url\":\"https:\/\/2liceum.eu\/index.php\/o-szkole\/absolwenci\/\",\"name\":\"Absolwenci - II Liceum Og\u00f3lnokszta\u0142c\u0105ce w Lubinie\",\"isPartOf\":{\"@id\":\"https:\/\/2liceum.eu\/#website\"},\"datePublished\":\"2017-11-07T21:17:33+00:00\",\"dateModified\":\"2020-09-14T10:31:19+00:00\",\"breadcrumb\":{\"@id\":\"https:\/\/2liceum.eu\/index.php\/o-szkole\/absolwenci\/#breadcrumb\"},\"inLanguage\":\"pl-PL\",\"potentialAction\":[{\"@type\":\"ReadAction\",\"target\":[\"https:\/\/2liceum.eu\/index.php\/o-szkole\/absolwenci\/\"]}]},{\"@type\":\"BreadcrumbList\",\"@id\":\"https:\/\/2liceum.eu\/index.php\/o-szkole\/absolwenci\/#breadcrumb\",\"itemListElement\":[{\"@type\":\"ListItem\",\"position\":1,\"name\":\"Strona g\u0142\u00f3wna\",\"item\":\"https:\/\/2liceum.eu\/\"},{\"@type\":\"ListItem\",\"position\":2,\"name\":\"O szkole\",\"item\":\"https:\/\/2liceum.eu\/index.php\/o-szkole\/\"},{\"@type\":\"ListItem\",\"position\":3,\"name\":\"Absolwenci\"}]}]}<\/script>\n<!-- \/ Yoast SEO plugin. -->","yoast_head_json":{"title":"Absolwenci - II Liceum Og\u00f3lnokszta\u0142c\u0105ce w Lubinie","robots":{"index":"index","follow":"follow","max-snippet":"max-snippet:-1","max-image-preview":"max-image-preview:large","max-video-preview":"max-video-preview:-1"},"canonical":"https:\/\/2liceum.eu\/index.php\/o-szkole\/absolwenci\/","og_locale":"pl_PL","og_type":"article","og_title":"Absolwenci - II Liceum Og\u00f3lnokszta\u0142c\u0105ce w Lubinie","og_description":"W ci\u0105gu ponad dwudziestu lat mury naszej szko\u0142y opu\u015bci\u0142o ponad 5.000 absolwent\u00f3w. Wi\u0119kszo\u015b\u0107 z nich podj\u0119\u0142a studia wy\u017csze. Nasi absolwenci pracuj\u0105 w r\u00f3\u017cnorodnych zawodach, pe\u0142ni\u0105 odpowiedzialne funkcje i s\u0105 \u017cywym dowodem jako\u015bci kszta\u0142cenia w lubi\u0144skim II LO. &nbsp; Oto sylwetki niekt\u00f3rych z nich: Maciej Barys, dr nauk chemicznych o specjalno\u015bci \u201echemia organiczna\u201d, pozyska\u0142 grant unijny&nbsp; [&hellip;]","og_url":"https:\/\/2liceum.eu\/index.php\/o-szkole\/absolwenci\/","og_site_name":"II Liceum Og\u00f3lnokszta\u0142c\u0105ce w Lubinie","article_publisher":"https:\/\/web.facebook.com\/IILOLubin\/","article_modified_time":"2020-09-14T10:31:19+00:00","og_image":[{"url":"http:\/\/2liceum.eu\/images\/articles\/strony_informacyjne\/o_szkole\/14.jpg"}],"twitter_card":"summary_large_image","twitter_misc":{"Szacowany czas czytania":"3 minuty"},"schema":{"@context":"https:\/\/schema.org","@graph":[{"@type":"Organization","@id":"https:\/\/2liceum.eu\/#organization","name":"II Liceum Og\u00f3lnokszta\u0142c\u0105ce w Lubinie","url":"https:\/\/2liceum.eu\/","sameAs":["http:\/\/2lolubin","https:\/\/www.youtube.com\/channel\/UCWjEMxRJYdfvxPhVOn-8g_g","https:\/\/web.facebook.com\/IILOLubin\/"],"logo":{"@type":"ImageObject","inLanguage":"pl-PL","@id":"https:\/\/2liceum.eu\/#\/schema\/logo\/image\/","url":"https:\/\/2liceum.eu\/wp-content\/uploads\/2018\/01\/pobrane.jpg","contentUrl":"https:\/\/2liceum.eu\/wp-content\/uploads\/2018\/01\/pobrane.jpg","width":184,"height":183,"caption":"II Liceum Og\u00f3lnokszta\u0142c\u0105ce w Lubinie"},"image":{"@id":"https:\/\/2liceum.eu\/#\/schema\/logo\/image\/"}},{"@type":"WebSite","@id":"https:\/\/2liceum.eu\/#website","url":"https:\/\/2liceum.eu\/","name":"II Liceum Og\u00f3lnokszta\u0142c\u0105ce w Lubinie","description":"Oficjalny portal II LO w Lubinie. Informacje o szkole, kadrze, zaj\u0119ciach dydaktycznych, ko\u0142ach zainteresowa\u0144, wolontariacie. Aktualno\u015bci. Galeria zdj\u0119\u0107.","publisher":{"@id":"https:\/\/2liceum.eu\/#organization"},"potentialAction":[{"@type":"SearchAction","target":{"@type":"EntryPoint","urlTemplate":"https:\/\/2liceum.eu\/?s={search_term_string}"},"query-input":"required name=search_term_string"}],"inLanguage":"pl-PL"},{"@type":"WebPage","@id":"https:\/\/2liceum.eu\/index.php\/o-szkole\/absolwenci\/","url":"https:\/\/2liceum.eu\/index.php\/o-szkole\/absolwenci\/","name":"Absolwenci - II Liceum Og\u00f3lnokszta\u0142c\u0105ce w Lubinie","isPartOf":{"@id":"https:\/\/2liceum.eu\/#website"},"datePublished":"2017-11-07T21:17:33+00:00","dateModified":"2020-09-14T10:31:19+00:00","breadcrumb":{"@id":"https:\/\/2liceum.eu\/index.php\/o-szkole\/absolwenci\/#breadcrumb"},"inLanguage":"pl-PL","potentialAction":[{"@type":"ReadAction","target":["https:\/\/2liceum.eu\/index.php\/o-szkole\/absolwenci\/"]}]},{"@type":"BreadcrumbList","@id":"https:\/\/2liceum.eu\/index.php\/o-szkole\/absolwenci\/#breadcrumb","itemListElement":[{"@type":"ListItem","position":1,"name":"Strona g\u0142\u00f3wna","item":"https:\/\/2liceum.eu\/"},{"@type":"ListItem","position":2,"name":"O szkole","item":"https:\/\/2liceum.eu\/index.php\/o-szkole\/"},{"@type":"ListItem","position":3,"name":"Absolwenci"}]}]}},"_links":{"self":[{"href":"https:\/\/2liceum.eu\/index.php\/wp-json\/wp\/v2\/pages\/93","targetHints":{"allow":["GET"]}}],"collection":[{"href":"https:\/\/2liceum.eu\/index.php\/wp-json\/wp\/v2\/pages"}],"about":[{"href":"https:\/\/2liceum.eu\/index.php\/wp-json\/wp\/v2\/types\/page"}],"author":[{"embeddable":true,"href":"https:\/\/2liceum.eu\/index.php\/wp-json\/wp\/v2\/users\/1"}],"replies":[{"embeddable":true,"href":"https:\/\/2liceum.eu\/index.php\/wp-json\/wp\/v2\/comments?post=93"}],"version-history":[{"count":5,"href":"https:\/\/2liceum.eu\/index.php\/wp-json\/wp\/v2\/pages\/93\/revisions"}],"predecessor-version":[{"id":5385,"href":"https:\/\/2liceum.eu\/index.php\/wp-json\/wp\/v2\/pages\/93\/revisions\/5385"}],"up":[{"embeddable":true,"href":"https:\/\/2liceum.eu\/index.php\/wp-json\/wp\/v2\/pages\/76"}],"wp:attachment":[{"href":"https:\/\/2liceum.eu\/index.php\/wp-json\/wp\/v2\/media?parent=93"}],"curies":[{"name":"wp","href":"https:\/\/api.w.org\/{rel}","templated":true}]}}